{"id":248,"date":"2026-05-28T15:41:35","date_gmt":"2026-05-28T13:41:35","guid":{"rendered":"https:\/\/www.paretineperuffici.it\/?page_id=248"},"modified":"2026-06-04T14:58:28","modified_gmt":"2026-06-04T12:58:28","slug":"chi-siamo","status":"publish","type":"page","link":"https:\/\/www.paretineperuffici.it\/index.php\/chi-siamo\/","title":{"rendered":"Chi Siamo"},"content":{"rendered":"\t\t<div data-elementor-type=\"wp-page\" data-elementor-id=\"248\" class=\"elementor elementor-248\">\n\t\t\t\t<div class=\"elementor-element elementor-element-7cfe55f e-flex e-con-boxed e-con e-parent\" data-id=\"7cfe55f\" data-element_type=\"container\" data-e-type=\"container\" data-settings=\"{&quot;background_background&quot;:&quot;classic&quot;}\">\n\t\t\t\t\t<div class=\"e-con-inner\">\n\t\t\t\t<div class=\"elementor-element elementor-element-bf2da67 elementor-widget elementor-widget-heading\" data-id=\"bf2da67\" data-element_type=\"widget\" data-e-type=\"widget\" data-widget_type=\"heading.default\">\n\t\t\t\t\t<h2 class=\"elementor-heading-title elementor-size-default\">Chi Siamo\n<\/h2>\t\t\t\t<\/div>\n\t\t\t\t\t<\/div>\n\t\t\t\t<\/div>\n\t\t<div class=\"elementor-element elementor-element-1d512fe e-flex e-con-boxed e-con e-parent\" data-id=\"1d512fe\" data-element_type=\"container\" data-e-type=\"container\">\n\t\t\t\t\t<div class=\"e-con-inner\">\n\t\t<div class=\"elementor-element elementor-element-f5c275a e-con-full e-flex e-con e-child\" data-id=\"f5c275a\" data-element_type=\"container\" data-e-type=\"container\">\n\t\t\t\t<div class=\"elementor-element elementor-element-3c2d62a elementor-widget elementor-widget-heading\" data-id=\"3c2d62a\" data-element_type=\"widget\" data-e-type=\"widget\" data-widget_type=\"heading.default\">\n\t\t\t\t\t<h2 class=\"elementor-heading-title elementor-size-default\">Dal 1977, con la stessa idea di fondo \n<\/h2>\t\t\t\t<\/div>\n\t\t\t\t<div class=\"elementor-element elementor-element-7e36c7f elementor-widget-divider--view-line elementor-widget elementor-widget-divider\" data-id=\"7e36c7f\" data-element_type=\"widget\" data-e-type=\"widget\" data-widget_type=\"divider.default\">\n\t\t\t\t\t\t\t<div class=\"elementor-divider\">\n\t\t\t<span class=\"elementor-divider-separator\">\n\t\t\t\t\t\t<\/span>\n\t\t<\/div>\n\t\t\t\t\t\t<\/div>\n\t\t\t\t<div class=\"elementor-element elementor-element-4bb955a elementor-widget elementor-widget-text-editor\" data-id=\"4bb955a\" data-element_type=\"widget\" data-e-type=\"widget\" data-widget_type=\"text-editor.default\">\n\t\t\t\t\t\t\t\t\t<p><span style=\"font-weight: 400;\">Fondata nel 1977 da Otello Tasselli, <\/span><b>Studio T<\/b><span style=\"font-weight: 400;\"> ha attraversato quasi cinquant&#8217;anni di progetti, trasformando gli spazi e costruendo relazioni con clienti che continuano a sceglierci nel tempo.\u00a0<\/span><\/p><p><span style=\"font-weight: 400;\">Siamo cresciuti portando avanti l&#8217;innovazione e il design <\/span><b>Made in Italy<\/b><span style=\"font-weight: 400;\">, ma c&#8217;\u00e8 un principio fondamentale che per noi non \u00e8 mai cambiato: <\/span><b>\u00e8 il prodotto che deve adattarsi a te e al tuo spazio, non il contrario<\/b><span style=\"font-weight: 400;\">.\u00a0<\/span><\/p><p><span style=\"font-weight: 400;\">Le pareti divisorie sono l&#8217;esempio pi\u00f9 diretto di questa idea. Ogni ambiente ha le sue peculiarit\u00e0 e ogni cliente ha esigenze specifiche per riuscire a lavorare meglio, con pi\u00f9 continuit\u00e0 e meno distrazioni.\u00a0\u00a0<\/span><\/p><p><span style=\"font-weight: 400;\">Il nostro lavoro inizia sempre da qui.<\/span><\/p>\t\t\t\t\t\t\t\t<\/div>\n\t\t\t\t<\/div>\n\t\t<div class=\"elementor-element elementor-element-68cee5b e-con-full e-flex e-con e-child\" data-id=\"68cee5b\" data-element_type=\"container\" data-e-type=\"container\">\n\t\t\t\t<div class=\"elementor-element elementor-element-603487e elementor-widget elementor-widget-image\" data-id=\"603487e\" data-element_type=\"widget\" data-e-type=\"widget\" data-widget_type=\"image.default\">\n\t\t\t\t\t\t\t\t\t\t\t\t\t\t\t<img decoding=\"async\" src=\"https:\/\/www.paretineperuffici.it\/wp-content\/uploads\/elementor\/thumbs\/tetrix-quadro-222-verde-giallo-porfido-rn5gy3q6ds3xwu3z28j9iol2j39wcxrwhrx60zke2o.jpg\" title=\"tetrix quadro 222 verde-giallo-porfido\" alt=\"tetrix quadro 222 verde-giallo-porfido\" loading=\"lazy\" \/>\t\t\t\t\t\t\t\t\t\t\t\t\t\t\t<\/div>\n\t\t\t\t<\/div>\n\t\t\t\t\t<\/div>\n\t\t\t\t<\/div>\n\t\t<div class=\"elementor-element elementor-element-fea6de0 e-flex e-con-boxed e-con e-parent\" data-id=\"fea6de0\" data-element_type=\"container\" data-e-type=\"container\" data-settings=\"{&quot;background_background&quot;:&quot;classic&quot;}\">\n\t\t\t\t\t<div class=\"e-con-inner\">\n\t\t<div class=\"elementor-element elementor-element-11cf30c e-con-full e-flex e-con e-child\" data-id=\"11cf30c\" data-element_type=\"container\" data-e-type=\"container\">\n\t\t\t\t<div class=\"elementor-element elementor-element-e8e1c36 elementor-widget elementor-widget-image\" data-id=\"e8e1c36\" data-element_type=\"widget\" data-e-type=\"widget\" data-widget_type=\"image.default\">\n\t\t\t\t\t\t\t\t\t\t\t\t\t\t\t<img decoding=\"async\" src=\"https:\/\/www.paretineperuffici.it\/wp-content\/uploads\/elementor\/thumbs\/GAB_7008-scaled-rog8mus75seaewpg5xkewrkznoqjxp73n1hx6mfoe8.jpg\" title=\"GAB_7008\" alt=\"GAB_7008\" loading=\"lazy\" \/>\t\t\t\t\t\t\t\t\t\t\t\t\t\t\t<\/div>\n\t\t\t\t<\/div>\n\t\t<div class=\"elementor-element elementor-element-d2a6667 e-con-full e-flex e-con e-child\" data-id=\"d2a6667\" data-element_type=\"container\" data-e-type=\"container\">\n\t\t\t\t<div class=\"elementor-element elementor-element-1b179c6 elementor-widget elementor-widget-heading\" data-id=\"1b179c6\" data-element_type=\"widget\" data-e-type=\"widget\" data-widget_type=\"heading.default\">\n\t\t\t\t\t<h2 class=\"elementor-heading-title elementor-size-default\">Come nasce una parete Studio T\n<\/h2>\t\t\t\t<\/div>\n\t\t\t\t<div class=\"elementor-element elementor-element-386817e elementor-widget-divider--view-line elementor-widget elementor-widget-divider\" data-id=\"386817e\" data-element_type=\"widget\" data-e-type=\"widget\" data-widget_type=\"divider.default\">\n\t\t\t\t\t\t\t<div class=\"elementor-divider\">\n\t\t\t<span class=\"elementor-divider-separator\">\n\t\t\t\t\t\t<\/span>\n\t\t<\/div>\n\t\t\t\t\t\t<\/div>\n\t\t\t\t<div class=\"elementor-element elementor-element-4f692cd elementor-widget elementor-widget-text-editor\" data-id=\"4f692cd\" data-element_type=\"widget\" data-e-type=\"widget\" data-widget_type=\"text-editor.default\">\n\t\t\t\t\t\t\t\t\t<p><span style=\"font-weight: 400;\">Sappiamo cosa serve davvero in un ufficio operativo, in un ristorante, in una sala d\u2019attesa o in una scuola, perch\u00e9 in quasi 50 anni di attivit\u00e0 siamo intervenuti in tutti questi ambiti. Che si tratti di integrare pannelli fonoassorbenti, inserire mensole di supporto per l&#8217;operativit\u00e0 quotidiana, prevedere aperture visive o allinearsi ai colori del brand, le soluzioni del nostro catalogo sono progettate per risolvere problemi concreti, con un montaggio semplice e in autonomia.<\/span><\/p>\t\t\t\t\t\t\t\t<\/div>\n\t\t\t\t<\/div>\n\t\t\t\t\t<\/div>\n\t\t\t\t<\/div>\n\t\t<div class=\"elementor-element elementor-element-ab795b4 e-flex e-con-boxed e-con e-parent\" data-id=\"ab795b4\" data-element_type=\"container\" data-e-type=\"container\">\n\t\t\t\t\t<div class=\"e-con-inner\">\n\t\t<div class=\"elementor-element elementor-element-07ca92a e-con-full e-flex e-con e-child\" data-id=\"07ca92a\" data-element_type=\"container\" data-e-type=\"container\">\n\t\t\t\t<div class=\"elementor-element elementor-element-ab6cd00 elementor-widget elementor-widget-heading\" data-id=\"ab6cd00\" data-element_type=\"widget\" data-e-type=\"widget\" data-widget_type=\"heading.default\">\n\t\t\t\t\t<h2 class=\"elementor-heading-title elementor-size-default\">Tre passaggi, una sola responsabilit\u00e0: la nostra.\n<\/h2>\t\t\t\t<\/div>\n\t\t\t\t<div class=\"elementor-element elementor-element-13df937 elementor-widget-divider--view-line elementor-widget elementor-widget-divider\" data-id=\"13df937\" data-element_type=\"widget\" data-e-type=\"widget\" data-widget_type=\"divider.default\">\n\t\t\t\t\t\t\t<div class=\"elementor-divider\">\n\t\t\t<span class=\"elementor-divider-separator\">\n\t\t\t\t\t\t<\/span>\n\t\t<\/div>\n\t\t\t\t\t\t<\/div>\n\t\t<div class=\"elementor-element elementor-element-e916d03 e-con-full e-flex e-con e-child\" data-id=\"e916d03\" data-element_type=\"container\" data-e-type=\"container\" data-settings=\"{&quot;background_background&quot;:&quot;classic&quot;}\">\n\t\t<div class=\"elementor-element elementor-element-969a28c e-con-full e-flex e-con e-child\" data-id=\"969a28c\" data-element_type=\"container\" data-e-type=\"container\" data-settings=\"{&quot;background_background&quot;:&quot;classic&quot;}\">\n\t\t\t\t<div class=\"elementor-element elementor-element-37bdb51 elementor-widget elementor-widget-image\" data-id=\"37bdb51\" data-element_type=\"widget\" data-e-type=\"widget\" data-widget_type=\"image.default\">\n\t\t\t\t\t\t\t\t\t\t\t\t\t\t\t<img decoding=\"async\" src=\"https:\/\/www.paretineperuffici.it\/wp-content\/uploads\/elementor\/thumbs\/ChatGPT-Image-28-mag-2026-16_07_05-ro4jvm3fpax1usw9eqb14at7ii7mnwrmap72d3titk.png\" title=\"ChatGPT Image 28 mag 2026, 16_07_05\" alt=\"ChatGPT Image 28 mag 2026, 16_07_05\" loading=\"lazy\" \/>\t\t\t\t\t\t\t\t\t\t\t\t\t\t\t<\/div>\n\t\t\t\t<div class=\"elementor-element elementor-element-6b029d8 elementor-widget elementor-widget-heading\" data-id=\"6b029d8\" data-element_type=\"widget\" data-e-type=\"widget\" data-widget_type=\"heading.default\">\n\t\t\t\t\t<h2 class=\"elementor-heading-title elementor-size-default\">1. Progettazione interna\n<\/h2>\t\t\t\t<\/div>\n\t\t\t\t<div class=\"elementor-element elementor-element-57b37d6 elementor-widget elementor-widget-text-editor\" data-id=\"57b37d6\" data-element_type=\"widget\" data-e-type=\"widget\" data-widget_type=\"text-editor.default\">\n\t\t\t\t\t\t\t\t\t<p><span style=\"font-weight: 400;\">Disegniamo le nostre pareti nei minimi dettagli. Le soluzioni che ti proponiamo sono il risultato diretto delle richieste pi\u00f9 frequenti dei nostri clienti, trasformate in prodotti ottimizzati, efficienti e personalizzabili.<\/span><\/p>\t\t\t\t\t\t\t\t<\/div>\n\t\t\t\t<\/div>\n\t\t<div class=\"elementor-element elementor-element-a9ef073 e-con-full e-flex e-con e-child\" data-id=\"a9ef073\" data-element_type=\"container\" data-e-type=\"container\" data-settings=\"{&quot;background_background&quot;:&quot;classic&quot;}\">\n\t\t\t\t<div class=\"elementor-element elementor-element-cc8aa16 elementor-widget elementor-widget-image\" data-id=\"cc8aa16\" data-element_type=\"widget\" data-e-type=\"widget\" data-widget_type=\"image.default\">\n\t\t\t\t\t\t\t\t\t\t\t\t\t\t\t<img decoding=\"async\" src=\"https:\/\/www.paretineperuffici.it\/wp-content\/uploads\/elementor\/thumbs\/ChatGPT-Image-28-mag-2026-16_09_14-ro4juc1cef601wr5voeb84fmemin6qorsd89ujptag.png\" title=\"ChatGPT Image 28 mag 2026, 16_09_14\" alt=\"ChatGPT Image 28 mag 2026, 16_09_14\" loading=\"lazy\" \/>\t\t\t\t\t\t\t\t\t\t\t\t\t\t\t<\/div>\n\t\t\t\t<div class=\"elementor-element elementor-element-18f599c elementor-widget elementor-widget-heading\" data-id=\"18f599c\" data-element_type=\"widget\" data-e-type=\"widget\" data-widget_type=\"heading.default\">\n\t\t\t\t\t<h2 class=\"elementor-heading-title elementor-size-default\">2. Il lavoro degli artigiani specializzati\n<\/h2>\t\t\t\t<\/div>\n\t\t\t\t<div class=\"elementor-element elementor-element-a68ea25 elementor-widget elementor-widget-text-editor\" data-id=\"a68ea25\" data-element_type=\"widget\" data-e-type=\"widget\" data-widget_type=\"text-editor.default\">\n\t\t\t\t\t\t\t\t\t<p><span style=\"font-weight: 400;\">Dai nostri elaborati prendono vita i componenti. Collaboriamo con una rete di artigiani altamente specializzati: l&#8217;estrusore fa solo estrusione, chi taglia le lastre fa solo quello. Lavorano rigorosamente sui nostri disegni, garantendo una precisione che lo standard di massa non pu\u00f2 offrire.<\/span><\/p>\t\t\t\t\t\t\t\t<\/div>\n\t\t\t\t<\/div>\n\t\t<div class=\"elementor-element elementor-element-43f3abc e-con-full e-flex e-con e-child\" data-id=\"43f3abc\" data-element_type=\"container\" data-e-type=\"container\" data-settings=\"{&quot;background_background&quot;:&quot;classic&quot;}\">\n\t\t\t\t<div class=\"elementor-element elementor-element-ebb617f elementor-widget elementor-widget-image\" data-id=\"ebb617f\" data-element_type=\"widget\" data-e-type=\"widget\" data-widget_type=\"image.default\">\n\t\t\t\t\t\t\t\t\t\t\t\t\t\t\t<img decoding=\"async\" src=\"https:\/\/www.paretineperuffici.it\/wp-content\/uploads\/elementor\/thumbs\/ChatGPT-Image-4-giu-2026-14_57_48-rogncxvlc9zwgipbtuaugoj2msnsz3o429k47cw2a0.png\" title=\"ChatGPT Image 4 giu 2026, 14_57_48\" alt=\"ChatGPT Image 4 giu 2026, 14_57_48\" loading=\"lazy\" \/>\t\t\t\t\t\t\t\t\t\t\t\t\t\t\t<\/div>\n\t\t\t\t<div class=\"elementor-element elementor-element-9658c69 elementor-widget elementor-widget-heading\" data-id=\"9658c69\" data-element_type=\"widget\" data-e-type=\"widget\" data-widget_type=\"heading.default\">\n\t\t\t\t\t<h2 class=\"elementor-heading-title elementor-size-default\">3. Assemblaggio nel nostro stabilimento\n<\/h2>\t\t\t\t<\/div>\n\t\t\t\t<div class=\"elementor-element elementor-element-418add8 elementor-widget elementor-widget-text-editor\" data-id=\"418add8\" data-element_type=\"widget\" data-e-type=\"widget\" data-widget_type=\"text-editor.default\">\n\t\t\t\t\t\t\t\t\t<p><span style=\"font-weight: 400;\">Tutti i componenti convergono nella nostra sede a Godo di Russi, in Emilia-Romagna. Qui li tagliamo a misura, li assembliamo, li rifiniamo e li imballiamo con cura. La parete divisoria che ricevi \u00e8 nata da un nostro progetto ed \u00e8 passata attraverso le nostre mani.<\/span><\/p>\t\t\t\t\t\t\t\t<\/div>\n\t\t\t\t<\/div>\n\t\t\t\t<\/div>\n\t\t\t\t<div class=\"elementor-element elementor-element-80fcade elementor-widget elementor-widget-heading\" data-id=\"80fcade\" data-element_type=\"widget\" data-e-type=\"widget\" data-widget_type=\"heading.default\">\n\t\t\t\t\t<h2 class=\"elementor-heading-title elementor-size-default\">E se ti serve una soluzione fuori standard?\n<\/h2>\t\t\t\t<\/div>\n\t\t\t\t<div class=\"elementor-element elementor-element-c2067d7 elementor-widget elementor-widget-text-editor\" data-id=\"c2067d7\" data-element_type=\"widget\" data-e-type=\"widget\" data-widget_type=\"text-editor.default\">\n\t\t\t\t\t\t\t\t\t<p><span style=\"font-weight: 400;\">Se il tuo spazio richiede misure particolari, configurazioni specifiche o finiture ad hoc, possiamo modificare i nostri progetti e realizzare esattamente la parete di cui hai bisogno.<\/span><\/p>\t\t\t\t\t\t\t\t<\/div>\n\t\t\t\t<div class=\"elementor-element elementor-element-db300ac elementor-align-center elementor-widget elementor-widget-button\" data-id=\"db300ac\" data-element_type=\"widget\" data-e-type=\"widget\" data-widget_type=\"button.default\">\n\t\t\t\t\t\t\t\t\t\t<a class=\"elementor-button elementor-button-link elementor-size-sm\" href=\"https:\/\/www.paretineperuffici.it\/index.php\/contatti\/\">\n\t\t\t\t\t\t<span class=\"elementor-button-content-wrapper\">\n\t\t\t\t\t\t<span class=\"elementor-button-icon\">\n\t\t\t\t<svg aria-hidden=\"true\" class=\"e-font-icon-svg e-fas-phone-alt\" viewBox=\"0 0 512 512\" xmlns=\"http:\/\/www.w3.org\/2000\/svg\"><path d=\"M497.39 361.8l-112-48a24 24 0 0 0-28 6.9l-49.6 60.6A370.66 370.66 0 0 1 130.6 204.11l60.6-49.6a23.94 23.94 0 0 0 6.9-28l-48-112A24.16 24.16 0 0 0 122.6.61l-104 24A24 24 0 0 0 0 48c0 256.5 207.9 464 464 464a24 24 0 0 0 23.4-18.6l24-104a24.29 24.29 0 0 0-14.01-27.6z\"><\/path><\/svg>\t\t\t<\/span>\n\t\t\t\t\t\t\t\t\t<span class=\"elementor-button-text\">Contattaci<\/span>\n\t\t\t\t\t<\/span>\n\t\t\t\t\t<\/a>\n\t\t\t\t\t\t\t\t<\/div>\n\t\t\t\t<\/div>\n\t\t\t\t\t<\/div>\n\t\t\t\t<\/div>\n\t\t\t\t<\/div>\n\t\t","protected":false},"excerpt":{"rendered":"<p>Chi Siamo Dal 1977, con la stessa idea di fondo Fondata nel 1977 da Otello Tasselli, Studio T ha attraversato quasi cinquant&#8217;anni di progetti, trasformando gli spazi e costruendo relazioni con clienti che continuano a sceglierci nel tempo.\u00a0 Siamo cresciuti portando avanti l&#8217;innovazione e il design Made in Italy, ma c&#8217;\u00e8 un principio fondamentale che&hellip;<\/p>\n","protected":false},"author":1,"featured_media":0,"parent":0,"menu_order":0,"comment_status":"closed","ping_status":"closed","template":"elementor_header_footer","meta":{"footnotes":""},"class_list":["post-248","page","type-page","status-publish","hentry"],"yoast_head":"<!-- This site is optimized with the Yoast SEO plugin v27.5 - https:\/\/yoast.com\/product\/yoast-seo-wordpress\/ -->\n<title>Chi siamo - Paretineperuffici.it<\/title>\n<meta name=\"description\" content=\"Da quasi 50 anni, progettiamo, lavoriamo e assembliamo pareti divisori per uffici per adattare l\u2019ambiente al tuo lavoro e massimizzare la tua produttivit\u00e0. Richiedi maggiori informazioni.\" \/>\n<meta name=\"robots\" content=\"index, follow, max-snippet:-1, max-image-preview:large, max-video-preview:-1\" \/>\n<link rel=\"canonical\" href=\"https:\/\/www.paretineperuffici.it\/index.php\/chi-siamo\/\" \/>\n<meta property=\"og:locale\" content=\"it_IT\" \/>\n<meta property=\"og:type\" content=\"article\" \/>\n<meta property=\"og:title\" content=\"Chi siamo - Paretineperuffici.it\" \/>\n<meta property=\"og:description\" content=\"Da quasi 50 anni, progettiamo, lavoriamo e assembliamo pareti divisori per uffici per adattare l\u2019ambiente al tuo lavoro e massimizzare la tua produttivit\u00e0. Richiedi maggiori informazioni.\" \/>\n<meta property=\"og:url\" content=\"https:\/\/www.paretineperuffici.it\/index.php\/chi-siamo\/\" \/>\n<meta property=\"og:site_name\" content=\"Pareti divisorie mobili - Studio T\" \/>\n<meta property=\"article:modified_time\" content=\"2026-06-04T12:58:28+00:00\" \/>\n<meta property=\"og:image\" content=\"https:\/\/www.paretineperuffici.it\/wp-content\/uploads\/elementor\/thumbs\/tetrix-quadro-222-verde-giallo-porfido-rn5gy3q6ds3xwu3z28j9iol2j39wcxrwhrx60zke2o.jpg\" \/>\n<meta name=\"twitter:card\" content=\"summary_large_image\" \/>\n<meta name=\"twitter:label1\" content=\"Tempo di lettura stimato\" \/>\n\t<meta name=\"twitter:data1\" content=\"2 minuti\" \/>\n<script type=\"application\/ld+json\" class=\"yoast-schema-graph\">{\"@context\":\"https:\\\/\\\/schema.org\",\"@graph\":[{\"@type\":\"WebPage\",\"@id\":\"https:\\\/\\\/www.paretineperuffici.it\\\/index.php\\\/chi-siamo\\\/\",\"url\":\"https:\\\/\\\/www.paretineperuffici.it\\\/index.php\\\/chi-siamo\\\/\",\"name\":\"Chi siamo - Paretineperuffici.it\",\"isPartOf\":{\"@id\":\"https:\\\/\\\/www.paretineperuffici.it\\\/#website\"},\"primaryImageOfPage\":{\"@id\":\"https:\\\/\\\/www.paretineperuffici.it\\\/index.php\\\/chi-siamo\\\/#primaryimage\"},\"image\":{\"@id\":\"https:\\\/\\\/www.paretineperuffici.it\\\/index.php\\\/chi-siamo\\\/#primaryimage\"},\"thumbnailUrl\":\"https:\\\/\\\/www.paretineperuffici.it\\\/wp-content\\\/uploads\\\/elementor\\\/thumbs\\\/tetrix-quadro-222-verde-giallo-porfido-rn5gy3q6ds3xwu3z28j9iol2j39wcxrwhrx60zke2o.jpg\",\"datePublished\":\"2026-05-28T13:41:35+00:00\",\"dateModified\":\"2026-06-04T12:58:28+00:00\",\"description\":\"Da quasi 50 anni, progettiamo, lavoriamo e assembliamo pareti divisori per uffici per adattare l\u2019ambiente al tuo lavoro e massimizzare la tua produttivit\u00e0. Richiedi maggiori informazioni.\",\"breadcrumb\":{\"@id\":\"https:\\\/\\\/www.paretineperuffici.it\\\/index.php\\\/chi-siamo\\\/#breadcrumb\"},\"inLanguage\":\"it-IT\",\"potentialAction\":[{\"@type\":\"ReadAction\",\"target\":[\"https:\\\/\\\/www.paretineperuffici.it\\\/index.php\\\/chi-siamo\\\/\"]}]},{\"@type\":\"ImageObject\",\"inLanguage\":\"it-IT\",\"@id\":\"https:\\\/\\\/www.paretineperuffici.it\\\/index.php\\\/chi-siamo\\\/#primaryimage\",\"url\":\"https:\\\/\\\/www.paretineperuffici.it\\\/wp-content\\\/uploads\\\/elementor\\\/thumbs\\\/tetrix-quadro-222-verde-giallo-porfido-rn5gy3q6ds3xwu3z28j9iol2j39wcxrwhrx60zke2o.jpg\",\"contentUrl\":\"https:\\\/\\\/www.paretineperuffici.it\\\/wp-content\\\/uploads\\\/elementor\\\/thumbs\\\/tetrix-quadro-222-verde-giallo-porfido-rn5gy3q6ds3xwu3z28j9iol2j39wcxrwhrx60zke2o.jpg\"},{\"@type\":\"BreadcrumbList\",\"@id\":\"https:\\\/\\\/www.paretineperuffici.it\\\/index.php\\\/chi-siamo\\\/#breadcrumb\",\"itemListElement\":[{\"@type\":\"ListItem\",\"position\":1,\"name\":\"Home\",\"item\":\"https:\\\/\\\/www.paretineperuffici.it\\\/\"},{\"@type\":\"ListItem\",\"position\":2,\"name\":\"Chi Siamo\"}]},{\"@type\":\"WebSite\",\"@id\":\"https:\\\/\\\/www.paretineperuffici.it\\\/#website\",\"url\":\"https:\\\/\\\/www.paretineperuffici.it\\\/\",\"name\":\"Pareti divisorie mobili - Studio T\",\"description\":\"\",\"potentialAction\":[{\"@type\":\"SearchAction\",\"target\":{\"@type\":\"EntryPoint\",\"urlTemplate\":\"https:\\\/\\\/www.paretineperuffici.it\\\/?s={search_term_string}\"},\"query-input\":{\"@type\":\"PropertyValueSpecification\",\"valueRequired\":true,\"valueName\":\"search_term_string\"}}],\"inLanguage\":\"it-IT\"}]}<\/script>\n<!-- \/ Yoast SEO plugin. -->","yoast_head_json":{"title":"Chi siamo - Paretineperuffici.it","description":"Da quasi 50 anni, progettiamo, lavoriamo e assembliamo pareti divisori per uffici per adattare l\u2019ambiente al tuo lavoro e massimizzare la tua produttivit\u00e0. Richiedi maggiori informazioni.","robots":{"index":"index","follow":"follow","max-snippet":"max-snippet:-1","max-image-preview":"max-image-preview:large","max-video-preview":"max-video-preview:-1"},"canonical":"https:\/\/www.paretineperuffici.it\/index.php\/chi-siamo\/","og_locale":"it_IT","og_type":"article","og_title":"Chi siamo - Paretineperuffici.it","og_description":"Da quasi 50 anni, progettiamo, lavoriamo e assembliamo pareti divisori per uffici per adattare l\u2019ambiente al tuo lavoro e massimizzare la tua produttivit\u00e0. Richiedi maggiori informazioni.","og_url":"https:\/\/www.paretineperuffici.it\/index.php\/chi-siamo\/","og_site_name":"Pareti divisorie mobili - Studio T","article_modified_time":"2026-06-04T12:58:28+00:00","og_image":[{"url":"https:\/\/www.paretineperuffici.it\/wp-content\/uploads\/elementor\/thumbs\/tetrix-quadro-222-verde-giallo-porfido-rn5gy3q6ds3xwu3z28j9iol2j39wcxrwhrx60zke2o.jpg","type":"","width":"","height":""}],"twitter_card":"summary_large_image","twitter_misc":{"Tempo di lettura stimato":"2 minuti"},"schema":{"@context":"https:\/\/schema.org","@graph":[{"@type":"WebPage","@id":"https:\/\/www.paretineperuffici.it\/index.php\/chi-siamo\/","url":"https:\/\/www.paretineperuffici.it\/index.php\/chi-siamo\/","name":"Chi siamo - Paretineperuffici.it","isPartOf":{"@id":"https:\/\/www.paretineperuffici.it\/#website"},"primaryImageOfPage":{"@id":"https:\/\/www.paretineperuffici.it\/index.php\/chi-siamo\/#primaryimage"},"image":{"@id":"https:\/\/www.paretineperuffici.it\/index.php\/chi-siamo\/#primaryimage"},"thumbnailUrl":"https:\/\/www.paretineperuffici.it\/wp-content\/uploads\/elementor\/thumbs\/tetrix-quadro-222-verde-giallo-porfido-rn5gy3q6ds3xwu3z28j9iol2j39wcxrwhrx60zke2o.jpg","datePublished":"2026-05-28T13:41:35+00:00","dateModified":"2026-06-04T12:58:28+00:00","description":"Da quasi 50 anni, progettiamo, lavoriamo e assembliamo pareti divisori per uffici per adattare l\u2019ambiente al tuo lavoro e massimizzare la tua produttivit\u00e0. Richiedi maggiori informazioni.","breadcrumb":{"@id":"https:\/\/www.paretineperuffici.it\/index.php\/chi-siamo\/#breadcrumb"},"inLanguage":"it-IT","potentialAction":[{"@type":"ReadAction","target":["https:\/\/www.paretineperuffici.it\/index.php\/chi-siamo\/"]}]},{"@type":"ImageObject","inLanguage":"it-IT","@id":"https:\/\/www.paretineperuffici.it\/index.php\/chi-siamo\/#primaryimage","url":"https:\/\/www.paretineperuffici.it\/wp-content\/uploads\/elementor\/thumbs\/tetrix-quadro-222-verde-giallo-porfido-rn5gy3q6ds3xwu3z28j9iol2j39wcxrwhrx60zke2o.jpg","contentUrl":"https:\/\/www.paretineperuffici.it\/wp-content\/uploads\/elementor\/thumbs\/tetrix-quadro-222-verde-giallo-porfido-rn5gy3q6ds3xwu3z28j9iol2j39wcxrwhrx60zke2o.jpg"},{"@type":"BreadcrumbList","@id":"https:\/\/www.paretineperuffici.it\/index.php\/chi-siamo\/#breadcrumb","itemListElement":[{"@type":"ListItem","position":1,"name":"Home","item":"https:\/\/www.paretineperuffici.it\/"},{"@type":"ListItem","position":2,"name":"Chi Siamo"}]},{"@type":"WebSite","@id":"https:\/\/www.paretineperuffici.it\/#website","url":"https:\/\/www.paretineperuffici.it\/","name":"Pareti divisorie mobili - Studio T","description":"","potentialAction":[{"@type":"SearchAction","target":{"@type":"EntryPoint","urlTemplate":"https:\/\/www.paretineperuffici.it\/?s={search_term_string}"},"query-input":{"@type":"PropertyValueSpecification","valueRequired":true,"valueName":"search_term_string"}}],"inLanguage":"it-IT"}]}},"_links":{"self":[{"href":"https:\/\/www.paretineperuffici.it\/index.php\/wp-json\/wp\/v2\/pages\/248","targetHints":{"allow":["GET"]}}],"collection":[{"href":"https:\/\/www.paretineperuffici.it\/index.php\/wp-json\/wp\/v2\/pages"}],"about":[{"href":"https:\/\/www.paretineperuffici.it\/index.php\/wp-json\/wp\/v2\/types\/page"}],"author":[{"embeddable":true,"href":"https:\/\/www.paretineperuffici.it\/index.php\/wp-json\/wp\/v2\/users\/1"}],"replies":[{"embeddable":true,"href":"https:\/\/www.paretineperuffici.it\/index.php\/wp-json\/wp\/v2\/comments?post=248"}],"version-history":[{"count":31,"href":"https:\/\/www.paretineperuffici.it\/index.php\/wp-json\/wp\/v2\/pages\/248\/revisions"}],"predecessor-version":[{"id":305,"href":"https:\/\/www.paretineperuffici.it\/index.php\/wp-json\/wp\/v2\/pages\/248\/revisions\/305"}],"wp:attachment":[{"href":"https:\/\/www.paretineperuffici.it\/index.php\/wp-json\/wp\/v2\/media?parent=248"}],"curies":[{"name":"wp","href":"https:\/\/api.w.org\/{rel}","templated":true}]}}