{"id":380,"date":"2026-08-25T15:01:25","date_gmt":"2026-08-25T13:01:25","guid":{"rendered":"https:\/\/www.paretineperuffici.it\/?page_id=380"},"modified":"2026-08-31T09:30:09","modified_gmt":"2026-08-31T07:30:09","slug":"promo-sept","status":"publish","type":"page","link":"https:\/\/www.paretineperuffici.it\/index.php\/promo-sept\/","title":{"rendered":"Promo Sept 2026"},"content":{"rendered":"\t\t<div data-elementor-type=\"wp-page\" data-elementor-id=\"380\" class=\"elementor elementor-380\">\n\t\t\t\t<div class=\"elementor-element elementor-element-e2b2473 e-flex e-con-boxed e-con e-parent\" data-id=\"e2b2473\" data-element_type=\"container\" data-e-type=\"container\" data-settings=\"{&quot;background_background&quot;:&quot;classic&quot;}\">\n\t\t\t\t\t<div class=\"e-con-inner\">\n\t\t<div class=\"elementor-element elementor-element-357679e e-con-full e-flex e-con e-child\" data-id=\"357679e\" data-element_type=\"container\" data-e-type=\"container\">\n\t\t\t\t<div class=\"elementor-element elementor-element-fb75f25 elementor-widget elementor-widget-heading\" data-id=\"fb75f25\" data-element_type=\"widget\" data-e-type=\"widget\" data-widget_type=\"heading.default\">\n\t\t\t\t\t<h2 class=\"elementor-heading-title elementor-size-default\">Voglia di nuovo ufficio ?\n\n\n<\/h2>\t\t\t\t<\/div>\n\t\t\t\t<\/div>\n\t\t\t\t\t<\/div>\n\t\t\t\t<\/div>\n\t\t<div class=\"elementor-element elementor-element-7cfe55f e-flex e-con-boxed e-con e-parent\" data-id=\"7cfe55f\" data-element_type=\"container\" data-e-type=\"container\" data-settings=\"{&quot;background_background&quot;:&quot;classic&quot;}\">\n\t\t\t\t\t<div class=\"e-con-inner\">\n\t\t\t\t<div class=\"elementor-element elementor-element-a54ef4d elementor-widget elementor-widget-heading\" data-id=\"a54ef4d\" data-element_type=\"widget\" data-e-type=\"widget\" data-widget_type=\"heading.default\">\n\t\t\t\t\t<h2 class=\"elementor-heading-title elementor-size-default\">Voglia di ufficio nuovo, ma non vuoi muratori e cantieri che ti bloccano il lavoro? \n\n\n<\/h2>\t\t\t\t<\/div>\n\t\t\t\t<div class=\"elementor-element elementor-element-bf2da67 elementor-widget elementor-widget-heading\" data-id=\"bf2da67\" data-element_type=\"widget\" data-e-type=\"widget\" data-widget_type=\"heading.default\">\n\t\t\t\t\t<h2 class=\"elementor-heading-title elementor-size-default\">Ecco come dividere lo spazio in ufficio in 30 minuti, senza muratori, polvere o burocrazia\n\n\n<\/h2>\t\t\t\t<\/div>\n\t\t\t\t<div class=\"elementor-element elementor-element-bbde85c elementor-widget-divider--view-line elementor-widget elementor-widget-divider\" data-id=\"bbde85c\" data-element_type=\"widget\" data-e-type=\"widget\" data-widget_type=\"divider.default\">\n\t\t\t\t\t\t\t<div class=\"elementor-divider\">\n\t\t\t<span class=\"elementor-divider-separator\">\n\t\t\t\t\t\t<\/span>\n\t\t<\/div>\n\t\t\t\t\t\t<\/div>\n\t\t\t\t<div class=\"elementor-element elementor-element-d65ce50 elementor-widget elementor-widget-text-editor\" data-id=\"d65ce50\" data-element_type=\"widget\" data-e-type=\"widget\" data-widget_type=\"text-editor.default\">\n\t\t\t\t\t\t\t\t\t<p>Separare le postazioni o creare aree riservate non richiede per forza un cantiere. Con le nostre paretine riorganizzi lo spazio in mezza giornata, elimini le distrazioni e offri privacy al tuo team senza mai fermare l&#8217;operativit\u00e0 aziendale.<\/p>\t\t\t\t\t\t\t\t<\/div>\n\t\t\t\t\t<\/div>\n\t\t\t\t<\/div>\n\t\t<div class=\"elementor-element elementor-element-cfa3722 e-flex e-con-boxed e-con e-parent\" data-id=\"cfa3722\" data-element_type=\"container\" data-e-type=\"container\" data-settings=\"{&quot;background_background&quot;:&quot;classic&quot;}\">\n\t\t\t\t\t<div class=\"e-con-inner\">\n\t\t<div class=\"elementor-element elementor-element-39765b4 e-con-full e-flex e-con e-child\" data-id=\"39765b4\" data-element_type=\"container\" data-e-type=\"container\">\n\t\t<div class=\"elementor-element elementor-element-0fae7bc e-con-full e-flex e-con e-child\" data-id=\"0fae7bc\" data-element_type=\"container\" data-e-type=\"container\">\n\t\t\t\t<div class=\"elementor-element elementor-element-5cb333a elementor-widget elementor-widget-the7-ticker-widget\" data-id=\"5cb333a\" data-element_type=\"widget\" data-e-type=\"widget\" data-settings=\"{&quot;ticker_transition_speed&quot;:30}\" data-widget_type=\"the7-ticker-widget.default\">\n\t\t\t\t<div class=\"elementor-widget-container\">\n\t\t\t\t\t<div class=\"the7-ticker\"><div class=\"the7-ticker-content\"><div class=\"the7-ticker-item\"><span class=\"ticker-content\">Dal 1977<\/span><\/div><div class=\"the7-ticker-item\"><span class=\"ticker-content\">4,9 su 5 su Recensioni Verificate <\/span><\/div><div class=\"the7-ticker-item\"><span class=\"ticker-content\">Produzione interna<\/span><\/div><div class=\"the7-ticker-item\"><span class=\"ticker-content\">Spedizione in tutta Italia\n<\/span><\/div><\/div><div class=\"the7-ticker-content\" aria-hidden=\"true\"><div class=\"the7-ticker-item\"><span class=\"ticker-content\">Dal 1977<\/span><\/div><div class=\"the7-ticker-item\"><span class=\"ticker-content\">4,9 su 5 su Recensioni Verificate <\/span><\/div><div class=\"the7-ticker-item\"><span class=\"ticker-content\">Produzione interna<\/span><\/div><div class=\"the7-ticker-item\"><span class=\"ticker-content\">Spedizione in tutta Italia\n<\/span><\/div><\/div><\/div>\t\t\t\t<\/div>\n\t\t\t\t<\/div>\n\t\t\t\t<\/div>\n\t\t\t\t<\/div>\n\t\t\t\t\t<\/div>\n\t\t\t\t<\/div>\n\t\t<div class=\"elementor-element elementor-element-9acb1d6 e-flex e-con-boxed e-con e-parent\" data-id=\"9acb1d6\" data-element_type=\"container\" data-e-type=\"container\" data-settings=\"{&quot;background_background&quot;:&quot;classic&quot;}\">\n\t\t\t\t\t<div class=\"e-con-inner\">\n\t\t<div class=\"elementor-element elementor-element-bc10708 e-con-full e-flex e-con e-child\" data-id=\"bc10708\" data-element_type=\"container\" data-e-type=\"container\">\n\t\t\t\t<div class=\"elementor-element elementor-element-e8b06a9 elementor-widget elementor-widget-heading\" data-id=\"e8b06a9\" data-element_type=\"widget\" data-e-type=\"widget\" data-widget_type=\"heading.default\">\n\t\t\t\t\t<h2 class=\"elementor-heading-title elementor-size-default\">Guarda cosa sono le paretine divisorie e come dividono l\u2019ufficio in 30 minuti\n\n\n<\/h2>\t\t\t\t<\/div>\n\t\t\t\t<div class=\"elementor-element elementor-element-676f65a elementor-widget-divider--view-line elementor-widget elementor-widget-divider\" data-id=\"676f65a\" data-element_type=\"widget\" data-e-type=\"widget\" data-widget_type=\"divider.default\">\n\t\t\t\t\t\t\t<div class=\"elementor-divider\">\n\t\t\t<span class=\"elementor-divider-separator\">\n\t\t\t\t\t\t<\/span>\n\t\t<\/div>\n\t\t\t\t\t\t<\/div>\n\t\t\t\t<div class=\"elementor-element elementor-element-c4a31b5 elementor-widget elementor-widget-text-editor\" data-id=\"c4a31b5\" data-element_type=\"widget\" data-e-type=\"widget\" data-widget_type=\"text-editor.default\">\n\t\t\t\t\t\t\t\t\t<p>Se pensi che per avere stanze separate l&#8217;unica via sia chiamare un&#8217;impresa edile e spaccare tutto, guarda questo video: vedrai quanto \u00e8 facile passare dall\u2019avere un ambiente unico caotico a postazioni indipendenti e protette dal rumore, montate in poco tempo e senza interventi strutturali.\u00a0<\/p>\t\t\t\t\t\t\t\t<\/div>\n\t\t\t\t<\/div>\n\t\t<div class=\"elementor-element elementor-element-76271ff e-con-full e-flex e-con e-child\" data-id=\"76271ff\" data-element_type=\"container\" data-e-type=\"container\">\n\t\t\t\t<div class=\"elementor-element elementor-element-f9bb7aa elementor-widget elementor-widget-video\" data-id=\"f9bb7aa\" data-element_type=\"widget\" data-e-type=\"widget\" data-settings=\"{&quot;youtube_url&quot;:&quot;https:\\\/\\\/youtube.com\\\/shorts\\\/SGTxDCXXQyU&quot;,&quot;video_type&quot;:&quot;youtube&quot;,&quot;controls&quot;:&quot;yes&quot;}\" data-widget_type=\"video.default\">\n\t\t\t\t\t\t\t<div class=\"elementor-wrapper elementor-open-inline\">\n\t\t\t<div class=\"elementor-video\"><\/div>\t\t<\/div>\n\t\t\t\t\t\t<\/div>\n\t\t\t\t<\/div>\n\t\t\t\t\t<\/div>\n\t\t\t\t<\/div>\n\t\t<div class=\"elementor-element elementor-element-18a57c8 e-flex e-con-boxed e-con e-parent\" data-id=\"18a57c8\" data-element_type=\"container\" data-e-type=\"container\" data-settings=\"{&quot;background_background&quot;:&quot;classic&quot;}\">\n\t\t\t\t\t<div class=\"e-con-inner\">\n\t\t<div class=\"elementor-element elementor-element-2c44e7e e-con-full e-flex e-con e-child\" data-id=\"2c44e7e\" data-element_type=\"container\" data-e-type=\"container\">\n\t\t\t\t<div class=\"elementor-element elementor-element-6d5378b elementor-widget elementor-widget-heading\" data-id=\"6d5378b\" data-element_type=\"widget\" data-e-type=\"widget\" data-widget_type=\"heading.default\">\n\t\t\t\t\t<h2 class=\"elementor-heading-title elementor-size-default\">Le nostre paretine: divisorie, fonoassorbenti, espositive\n<\/h2>\t\t\t\t<\/div>\n\t\t<div class=\"elementor-element elementor-element-0e2258d e-con-full e-flex e-con e-child\" data-id=\"0e2258d\" data-element_type=\"container\" data-e-type=\"container\">\n\t\t<div class=\"elementor-element elementor-element-53fcbb6 e-con-full e-flex e-con e-child\" data-id=\"53fcbb6\" data-element_type=\"container\" data-e-type=\"container\">\n\t\t\t\t<div class=\"elementor-element elementor-element-f8f7345 elementor-widget elementor-widget-image\" data-id=\"f8f7345\" data-element_type=\"widget\" data-e-type=\"widget\" data-widget_type=\"image.default\">\n\t\t\t\t\t\t\t\t\t\t\t\t\t\t\t\t<a href=\"https:\/\/www.studiot.it\/categoria-prodotto\/pannelli-divisori-e-fonoassorbenza\/pannelli-divisori-autoportanti\/?_gl=1*ihw54l*_up*MQ..*_ga*NzE4MjY0MjE4LjE3ODA2NjAwMDI.*_ga_V02W82HV4V*czE3ODA2NjAwMDEkbzEkZzAkdDE3ODA2NjAwMDEkajYwJGwwJGgw*_ga_5G5NZQ511X*czE3ODA2NjAwMDIkbzEkZzAkdDE3ODA2NjAwMDIkajYwJGwwJGgxMjc2MTg3NjYx\">\n\t\t\t\t\t\t\t<img decoding=\"async\" src=\"https:\/\/www.paretineperuffici.it\/wp-content\/uploads\/elementor\/thumbs\/tetrix-143IMG_0602-rn5gqi754znsoj4ff89g9s3wifdhbcognpldal918o.jpg\" title=\"tetrix 143IMG_0602\" alt=\"tetrix 143IMG_0602\" loading=\"lazy\" \/>\t\t\t\t\t\t\t\t<\/a>\n\t\t\t\t\t\t\t\t\t\t\t\t\t\t\t<\/div>\n\t\t\t\t<div class=\"elementor-element elementor-element-fbaafdb elementor-widget elementor-widget-heading\" data-id=\"fbaafdb\" data-element_type=\"widget\" data-e-type=\"widget\" data-widget_type=\"heading.default\">\n\t\t\t\t\t<h2 class=\"elementor-heading-title elementor-size-default\"><a href=\"https:\/\/www.studiot.it\/categoria-prodotto\/pannelli-divisori-e-fonoassorbenza\/pannelli-divisori-autoportanti\/?_gl=1*ihw54l*_up*MQ..*_ga*NzE4MjY0MjE4LjE3ODA2NjAwMDI.*_ga_V02W82HV4V*czE3ODA2NjAwMDEkbzEkZzAkdDE3ODA2NjAwMDEkajYwJGwwJGgw*_ga_5G5NZQ511X*czE3ODA2NjAwMDIkbzEkZzAkdDE3ODA2NjAwMDIkajYwJGwwJGgxMjc2MTg3NjYx\">Pareti <br>divisorie <\/a><\/h2>\t\t\t\t<\/div>\n\t\t\t\t<div class=\"elementor-element elementor-element-2b712b4 elementor-widget elementor-widget-text-editor\" data-id=\"2b712b4\" data-element_type=\"widget\" data-e-type=\"widget\" data-widget_type=\"text-editor.default\">\n\t\t\t\t\t\t\t\t\t<p>Alluminio, policarbonato, vetro o legno. Su ruote, cielo-terra, da scrivania.<\/p>\t\t\t\t\t\t\t\t<\/div>\n\t\t\t\t<\/div>\n\t\t<div class=\"elementor-element elementor-element-d4c9c57 e-con-full e-flex e-con e-child\" data-id=\"d4c9c57\" data-element_type=\"container\" data-e-type=\"container\">\n\t\t\t\t<div class=\"elementor-element elementor-element-36690a4 elementor-widget elementor-widget-image\" data-id=\"36690a4\" data-element_type=\"widget\" data-e-type=\"widget\" data-widget_type=\"image.default\">\n\t\t\t\t\t\t\t\t\t\t\t\t\t\t\t\t<a href=\"https:\/\/www.studiot.it\/categoria-prodotto\/pannelli-divisori-e-fonoassorbenza\/pareti-divisorie-fonoassorbenti\/\">\n\t\t\t\t\t\t\t<img decoding=\"async\" src=\"https:\/\/www.paretineperuffici.it\/wp-content\/uploads\/elementor\/thumbs\/Twist-TOSCA-MagneticaR-rn5h5iocaq7o4bbcr7vxlhpy2zdj9ba4e0pk8oznuw.jpg\" title=\"Twist TOSCA MagneticaR\" alt=\"Twist TOSCA MagneticaR\" loading=\"lazy\" \/>\t\t\t\t\t\t\t\t<\/a>\n\t\t\t\t\t\t\t\t\t\t\t\t\t\t\t<\/div>\n\t\t\t\t<div class=\"elementor-element elementor-element-dd002a7 elementor-widget elementor-widget-heading\" data-id=\"dd002a7\" data-element_type=\"widget\" data-e-type=\"widget\" data-widget_type=\"heading.default\">\n\t\t\t\t\t<h2 class=\"elementor-heading-title elementor-size-default\"><a href=\"https:\/\/www.studiot.it\/categoria-prodotto\/pannelli-divisori-e-fonoassorbenza\/pareti-divisorie-fonoassorbenti\/\">Pareti fonoassorbenti<\/a><\/h2>\t\t\t\t<\/div>\n\t\t\t\t<div class=\"elementor-element elementor-element-34d903b elementor-widget elementor-widget-text-editor\" data-id=\"34d903b\" data-element_type=\"widget\" data-e-type=\"widget\" data-widget_type=\"text-editor.default\">\n\t\t\t\t\t\t\t\t\t<p>Quando dividere non basta perch\u00e9 il suono passa lo stesso<\/p>\t\t\t\t\t\t\t\t<\/div>\n\t\t\t\t<\/div>\n\t\t<div class=\"elementor-element elementor-element-9cd34da e-con-full e-flex e-con e-child\" data-id=\"9cd34da\" data-element_type=\"container\" data-e-type=\"container\">\n\t\t\t\t<div class=\"elementor-element elementor-element-688dd11 elementor-widget elementor-widget-image\" data-id=\"688dd11\" data-element_type=\"widget\" data-e-type=\"widget\" data-widget_type=\"image.default\">\n\t\t\t\t\t\t\t\t\t\t\t\t\t\t\t\t<a href=\"https:\/\/www.studiot.it\/categoria-prodotto\/pannelli-divisori-e-fonoassorbenza\/pannelli-allestimento-mostre\/\">\n\t\t\t\t\t\t\t<img decoding=\"async\" src=\"https:\/\/www.paretineperuffici.it\/wp-content\/uploads\/elementor\/thumbs\/ChatGPT-Image-8-mag-2026-15_25_11-rn5onc8i4nksundv6umkcejcutgmtgga5id9m4x9qg.png\" title=\"ChatGPT Image 8 mag 2026, 15_25_11\" alt=\"ChatGPT Image 8 mag 2026, 15_25_11\" loading=\"lazy\" \/>\t\t\t\t\t\t\t\t<\/a>\n\t\t\t\t\t\t\t\t\t\t\t\t\t\t\t<\/div>\n\t\t\t\t<div class=\"elementor-element elementor-element-544f794 elementor-widget elementor-widget-heading\" data-id=\"544f794\" data-element_type=\"widget\" data-e-type=\"widget\" data-widget_type=\"heading.default\">\n\t\t\t\t\t<h2 class=\"elementor-heading-title elementor-size-default\"><a href=\"https:\/\/www.studiot.it\/categoria-prodotto\/pannelli-divisori-e-fonoassorbenza\/pannelli-allestimento-mostre\/\">Sistemi espositivi<\/a><\/h2>\t\t\t\t<\/div>\n\t\t\t\t<div class=\"elementor-element elementor-element-285b142 elementor-widget elementor-widget-text-editor\" data-id=\"285b142\" data-element_type=\"widget\" data-e-type=\"widget\" data-widget_type=\"text-editor.default\">\n\t\t\t\t\t\t\t\t\t<p>Autoportanti e rimontabili, senza forare muri e pavimenti.<\/p>\t\t\t\t\t\t\t\t<\/div>\n\t\t\t\t<\/div>\n\t\t\t\t<\/div>\n\t\t\t\t<div class=\"elementor-element elementor-element-7569fee elementor-align-center elementor-widget elementor-widget-button\" data-id=\"7569fee\" data-element_type=\"widget\" data-e-type=\"widget\" data-widget_type=\"button.default\">\n\t\t\t\t\t\t\t\t\t\t<a class=\"elementor-button elementor-button-link elementor-size-sm\" href=\"#form\">\n\t\t\t\t\t\t<span class=\"elementor-button-content-wrapper\">\n\t\t\t\t\t\t<span class=\"elementor-button-icon\">\n\t\t\t\t<svg aria-hidden=\"true\" class=\"e-font-icon-svg e-fas-file-download\" viewBox=\"0 0 384 512\" xmlns=\"http:\/\/www.w3.org\/2000\/svg\"><path d=\"M224 136V0H24C10.7 0 0 10.7 0 24v464c0 13.3 10.7 24 24 24h336c13.3 0 24-10.7 24-24V160H248c-13.2 0-24-10.8-24-24zm76.45 211.36l-96.42 95.7c-6.65 6.61-17.39 6.61-24.04 0l-96.42-95.7C73.42 337.29 80.54 320 94.82 320H160v-80c0-8.84 7.16-16 16-16h32c8.84 0 16 7.16 16 16v80h65.18c14.28 0 21.4 17.29 11.27 27.36zM377 105L279.1 7c-4.5-4.5-10.6-7-17-7H256v128h128v-6.1c0-6.3-2.5-12.4-7-16.9z\"><\/path><\/svg>\t\t\t<\/span>\n\t\t\t\t\t\t\t\t\t<span class=\"elementor-button-text\">Richiedi lo Sconto<\/span>\n\t\t\t\t\t<\/span>\n\t\t\t\t\t<\/a>\n\t\t\t\t\t\t\t\t<\/div>\n\t\t\t\t<\/div>\n\t\t\t\t\t<\/div>\n\t\t\t\t<\/div>\n\t\t<div class=\"elementor-element elementor-element-ec13ba7 e-flex e-con-boxed e-con e-parent\" data-id=\"ec13ba7\" data-element_type=\"container\" data-e-type=\"container\" data-settings=\"{&quot;background_background&quot;:&quot;classic&quot;}\">\n\t\t\t\t\t<div class=\"e-con-inner\">\n\t\t<div class=\"elementor-element elementor-element-b1244a2 e-con-full e-flex e-con e-child\" data-id=\"b1244a2\" data-element_type=\"container\" data-e-type=\"container\">\n\t\t\t\t<div class=\"elementor-element elementor-element-0626b5f elementor-widget elementor-widget-image\" data-id=\"0626b5f\" data-element_type=\"widget\" data-e-type=\"widget\" data-widget_type=\"image.default\">\n\t\t\t\t\t\t\t\t\t\t\t\t\t\t\t<img fetchpriority=\"high\" decoding=\"async\" width=\"1536\" height=\"1024\" src=\"https:\/\/www.paretineperuffici.it\/wp-content\/uploads\/2026\/08\/ChatGPT-Image-25-ago-2026-16_43_50.png\" class=\"attachment-full size-full wp-image-399\" alt=\"\" srcset=\"https:\/\/www.paretineperuffici.it\/wp-content\/uploads\/2026\/08\/ChatGPT-Image-25-ago-2026-16_43_50.png 1536w, https:\/\/www.paretineperuffici.it\/wp-content\/uploads\/2026\/08\/ChatGPT-Image-25-ago-2026-16_43_50-300x200.png 300w, https:\/\/www.paretineperuffici.it\/wp-content\/uploads\/2026\/08\/ChatGPT-Image-25-ago-2026-16_43_50-1024x683.png 1024w, https:\/\/www.paretineperuffici.it\/wp-content\/uploads\/2026\/08\/ChatGPT-Image-25-ago-2026-16_43_50-768x512.png 768w\" sizes=\"(max-width: 1536px) 100vw, 1536px\" \/>\t\t\t\t\t\t\t\t\t\t\t\t\t\t\t<\/div>\n\t\t\t\t<div class=\"elementor-element elementor-element-b2e21fb elementor-widget elementor-widget-heading\" data-id=\"b2e21fb\" data-element_type=\"widget\" data-e-type=\"widget\" data-widget_type=\"heading.default\">\n\t\t\t\t\t<h2 class=\"elementor-heading-title elementor-size-default\">Fino al 14 settembre, il progetto te lo regaliamo noi\n\n\n<\/h2>\t\t\t\t<\/div>\n\t\t\t\t<div class=\"elementor-element elementor-element-f497e79 elementor-widget elementor-widget-heading\" data-id=\"f497e79\" data-element_type=\"widget\" data-e-type=\"widget\" data-widget_type=\"heading.default\">\n\t\t\t\t\t<h2 class=\"elementor-heading-title elementor-size-default\">Richiedi il progetto per il tuo nuovo ufficio: con un ordine da almeno 1.200 euro sblocchi uno sconto e un voucher speciale per te\n\n\n<\/h2>\t\t\t\t<\/div>\n\t\t<div class=\"elementor-element elementor-element-d48fbd7 e-con-full e-flex e-con e-child\" data-id=\"d48fbd7\" data-element_type=\"container\" data-e-type=\"container\" data-settings=\"{&quot;background_background&quot;:&quot;classic&quot;}\">\n\t\t\t\t<div class=\"elementor-element elementor-element-18c58b8 elementor-widget elementor-widget-heading\" data-id=\"18c58b8\" data-element_type=\"widget\" data-e-type=\"widget\" data-widget_type=\"heading.default\">\n\t\t\t\t\t<h2 class=\"elementor-heading-title elementor-size-default\">240\u20ac di sconto <\/h2>\t\t\t\t<\/div>\n\t\t\t\t<div class=\"elementor-element elementor-element-e283699 elementor-widget elementor-widget-text-editor\" data-id=\"e283699\" data-element_type=\"widget\" data-e-type=\"widget\" data-widget_type=\"text-editor.default\">\n\t\t\t\t\t\t\t\t\t<p>Comprando due paretine da 1200\u20ac, le paghi 960\u20ac<\/p>\t\t\t\t\t\t\t\t<\/div>\n\t\t\t\t<\/div>\n\t\t<div class=\"elementor-element elementor-element-30698db e-con-full e-flex e-con e-child\" data-id=\"30698db\" data-element_type=\"container\" data-e-type=\"container\" data-settings=\"{&quot;background_background&quot;:&quot;classic&quot;}\">\n\t\t\t\t<div class=\"elementor-element elementor-element-9e192c6 elementor-widget elementor-widget-heading\" data-id=\"9e192c6\" data-element_type=\"widget\" data-e-type=\"widget\" data-widget_type=\"heading.default\">\n\t\t\t\t\t<h2 class=\"elementor-heading-title elementor-size-default\">Un voucher da 150\u20ac<\/h2>\t\t\t\t<\/div>\n\t\t\t\t<div class=\"elementor-element elementor-element-1591e5f elementor-widget elementor-widget-text-editor\" data-id=\"1591e5f\" data-element_type=\"widget\" data-e-type=\"widget\" data-widget_type=\"text-editor.default\">\n\t\t\t\t\t\t\t\t\t<p>Per il secondo acquisto sullo shop Studio T, con spesa minima di 550\u20ac\u00a0<\/p>\t\t\t\t\t\t\t\t<\/div>\n\t\t\t\t<\/div>\n\t\t\t\t<\/div>\n\t\t<div class=\"elementor-element elementor-element-8eb92a8 e-con-full e-flex e-con e-child\" data-id=\"8eb92a8\" data-element_type=\"container\" data-e-type=\"container\" id=\"form\" data-settings=\"{&quot;background_background&quot;:&quot;classic&quot;}\">\n\t\t\t\t<div class=\"elementor-element elementor-element-59b9a43 elementor-widget elementor-widget-heading\" data-id=\"59b9a43\" data-element_type=\"widget\" data-e-type=\"widget\" data-widget_type=\"heading.default\">\n\t\t\t\t\t<h2 class=\"elementor-heading-title elementor-size-default\">Compila il form per ricevere il tuo codice sconto e il voucher via email in pochi minuti \n\n<\/h2>\t\t\t\t<\/div>\n\t\t\t\t<div class=\"elementor-element elementor-element-0bf00ff eael-contact-form-7-button-align-left eael-contact-form-7-button-custom elementor-widget elementor-widget-eael-contact-form-7\" data-id=\"0bf00ff\" data-element_type=\"widget\" data-e-type=\"widget\" data-widget_type=\"eael-contact-form-7.default\">\n\t\t\t\t\t<div class=\"eael-contact-form-7-wrapper\">\n                <div class=\"eael-contact-form eael-contact-form-7 eael-contact-form-0bf00ff placeholder-show eael-contact-form-align-default\">\n<div class=\"wpcf7 no-js\" id=\"wpcf7-f390-o1\" lang=\"it-IT\" dir=\"ltr\" data-wpcf7-id=\"390\">\n<div class=\"screen-reader-response\"><p role=\"status\" aria-live=\"polite\" aria-atomic=\"true\"><\/p> <ul><\/ul><\/div>\n<form action=\"\/index.php\/wp-json\/wp\/v2\/pages\/380#wpcf7-f390-o1\" method=\"post\" class=\"wpcf7-form init\" aria-label=\"Modulo di contatto\" novalidate=\"novalidate\" data-status=\"init\">\n<fieldset class=\"hidden-fields-container\"><input type=\"hidden\" name=\"_wpcf7\" value=\"390\" \/><input type=\"hidden\" name=\"_wpcf7_version\" value=\"6.1.5\" \/><input type=\"hidden\" name=\"_wpcf7_locale\" value=\"it_IT\" \/><input type=\"hidden\" name=\"_wpcf7_unit_tag\" value=\"wpcf7-f390-o1\" \/><input type=\"hidden\" name=\"_wpcf7_container_post\" value=\"0\" \/><input type=\"hidden\" name=\"_wpcf7_posted_data_hash\" value=\"\" \/>\n<\/fieldset>\n<style>\n\/* =========================================\n MODULO COMPATTO\n ========================================= *\/\n\n.pp-form-card {\n position: relative;\n color: #222;\n}\n\n.pp-form-card p {\n margin: 0 !important;\n padding: 0 !important;\n}\n\n.pp-form-card br {\n display: none !important;\n}\n\n\/* Griglie *\/\n\n.pp-form-grid {\n display: grid;\n grid-template-columns: repeat(2, minmax(0, 1fr));\n gap: 10px 14px;\n margin-bottom: 10px;\n}\n\n\/* Campi *\/\n\n.pp-field {\n display: block;\n margin: 0;\n color: #222;\n font-size: 13px;\n line-height: 1.3;\n font-weight: 600;\n}\n\n.pp-field > span:first-child {\n display: block;\n margin-bottom: 5px;\n}\n\n.pp-field .wpcf7-form-control-wrap {\n display: block;\n}\n\n.pp-form-card input[type=\"text\"],\n.pp-form-card input[type=\"email\"],\n.pp-form-card input[type=\"tel\"],\n.pp-form-card textarea {\n display: block;\n box-sizing: border-box;\n width: 100%;\n margin: 0;\n padding: 9px 11px;\n color: #222;\n background: #fff;\n border: 1px solid #d1d1d1;\n border-radius: 4px;\n outline: none;\n box-shadow: none;\n font-family: inherit;\n font-size: 14px;\n line-height: 1.35;\n transition:\n border-color 0.2s ease,\n box-shadow 0.2s ease;\n}\n\n.pp-form-card input[type=\"text\"],\n.pp-form-card input[type=\"email\"],\n.pp-form-card input[type=\"tel\"] {\n height: 41px;\n}\n\n.pp-form-card textarea {\n min-height: 82px;\n max-height: 140px;\n resize: vertical;\n}\n\n.pp-form-card input::placeholder,\n.pp-form-card textarea::placeholder {\n color: #888;\n opacity: 1;\n}\n\n.pp-form-card input:focus,\n.pp-form-card textarea:focus {\n background: #fff;\n border-color: #00766f;\n box-shadow: 0 0 0 3px rgba(0, 118, 111, 0.13);\n}\n\n\/* Campo progetto *\/\n\n.pp-project-field {\n display: block;\n margin: 0 0 12px;\n}\n\n\/* Privacy *\/\n\n.pp-privacy {\n margin: 12px 0 14px;\n color: #555;\n font-size: 11.5px;\n line-height: 1.4;\n}\n\n.pp-privacy .wpcf7-list-item {\n margin: 0;\n}\n\n.pp-privacy label {\n display: grid;\n grid-template-columns: 18px 1fr;\n gap: 7px;\n align-items: start;\n cursor: pointer;\n}\n\n.pp-privacy input[type=\"checkbox\"] {\n width: 16px;\n height: 16px;\n margin: 1px 0 0;\n accent-color: #00766f;\n}\n\n.pp-privacy a {\n color: #00766f;\n text-decoration: underline;\n}\n\n\/* Pulsante *\/\n\n.pp-submit input[type=\"submit\"] {\n display: block;\n width: 100%;\n height: 46px;\n margin: 0;\n padding: 10px 18px;\n color: #fff;\n background: #f4a900;\n border: 0;\n border-radius: 5px;\n box-shadow: none;\n font-family: inherit;\n font-size: 15px;\n line-height: 1;\n font-weight: 700;\n cursor: pointer;\n transition:\n background-color 0.2s ease,\n transform 0.2s ease,\n box-shadow 0.2s ease;\n}\n\n.pp-submit input[type=\"submit\"]:hover {\n color: #fff;\n background: #df9900;\n transform: translateY(-1px);\n box-shadow: 0 5px 14px rgba(0, 0, 0, 0.13);\n}\n\n.pp-submit input[type=\"submit\"]:disabled {\n opacity: 0.55;\n cursor: not-allowed;\n transform: none;\n box-shadow: none;\n}\n\n.pp-submit small {\n display: block;\n margin-top: 7px;\n color: #666;\n font-size: 11px;\n line-height: 1.3;\n text-align: center;\n}\n\n\/* Errori Contact Form 7 *\/\n\n.pp-form-card .wpcf7-not-valid {\n border-color: #bd1f2d !important;\n box-shadow: 0 0 0 2px rgba(189, 31, 45, 0.1);\n}\n\n.pp-form-card .wpcf7-not-valid-tip {\n display: block;\n margin-top: 4px;\n color: #bd1f2d;\n font-size: 11px;\n line-height: 1.3;\n font-weight: 400;\n}\n\n.pp-form-card .wpcf7-spinner {\n display: block;\n margin: 7px auto 0;\n}\n\n.pp-form-card .wpcf7-response-output {\n margin: 10px 0 0 !important;\n padding: 9px 11px !important;\n border-radius: 4px;\n font-size: 12px;\n line-height: 1.35;\n}\n\n\/* =========================================\n FOCUS SULL\u2019INTERA SCHEDA BIANCA\n ========================================= *\/\n\n.pp-focus-overlay {\n position: fixed;\n inset: 0;\n z-index: 9998;\n pointer-events: none;\n visibility: hidden;\n opacity: 0;\n background: rgba(0, 0, 0, 0.52);\n transition:\n opacity 0.22s ease,\n visibility 0.22s ease;\n}\n\nbody.pp-form-focus .pp-focus-overlay {\n visibility: visible;\n opacity: 1;\n}\n\n\/*\n * Questa classe viene applicata al contenitore bianco\n * esterno di Elementor.\n *\/\n\n.pp-form-host {\n position: relative !important;\n z-index: 10001 !important;\n isolation: isolate;\n transition: box-shadow 0.22s ease;\n}\n\nbody.pp-form-focus .pp-form-host {\n box-shadow: 0 22px 55px rgba(0, 0, 0, 0.32);\n}\n\n\/* Nessun effetto separato sul form interno *\/\n\nbody.pp-form-focus .pp-form-card {\n transform: none;\n box-shadow: none;\n}\n\n\/* =========================================\n MOBILE\n ========================================= *\/\n\n@media (max-width: 767px) {\n .pp-form-grid {\n grid-template-columns: 1fr;\n gap: 9px;\n margin-bottom: 9px;\n }\n\n .pp-field {\n font-size: 12.5px;\n }\n\n \/*\n * 16 px evita lo zoom automatico degli input su iPhone.\n *\/\n\n .pp-form-card input[type=\"text\"],\n .pp-form-card input[type=\"email\"],\n .pp-form-card input[type=\"tel\"],\n .pp-form-card textarea {\n font-size: 16px;\n }\n\n .pp-form-card input[type=\"text\"],\n .pp-form-card input[type=\"email\"],\n .pp-form-card input[type=\"tel\"] {\n height: 42px;\n }\n\n .pp-form-card textarea {\n min-height: 88px;\n }\n}\n<\/style>\n<div class=\"pp-form-card\">\n\t<div class=\"pp-form-grid\">\n\t\t<p><label class=\"pp-field\"><br \/>\n<span>Nome e cognome<\/span><br \/>\n<span class=\"wpcf7-form-control-wrap\" data-name=\"your-name\"><input size=\"40\" maxlength=\"400\" class=\"wpcf7-form-control wpcf7-text wpcf7-validates-as-required\" autocomplete=\"name\" aria-required=\"true\" aria-invalid=\"false\" placeholder=\"Nome e cognome\" value=\"\" type=\"text\" name=\"your-name\" \/><\/span><br \/>\n<\/label>\n\t\t<\/p>\n\t\t<p><label class=\"pp-field\"><br \/>\n<span>Azienda<\/span><br \/>\n<span class=\"wpcf7-form-control-wrap\" data-name=\"your-azienda\"><input size=\"40\" maxlength=\"400\" class=\"wpcf7-form-control wpcf7-text wpcf7-validates-as-required\" autocomplete=\"organization\" aria-required=\"true\" aria-invalid=\"false\" placeholder=\"Nome dell\u2019azienda\" value=\"\" type=\"text\" name=\"your-azienda\" \/><\/span><br \/>\n<\/label>\n\t\t<\/p>\n\t<\/div>\n\t<div class=\"pp-form-grid\">\n\t\t<p><label class=\"pp-field\"><br \/>\n<span>Email aziendale<\/span><br \/>\n<span class=\"wpcf7-form-control-wrap\" data-name=\"your-email\"><input size=\"40\" maxlength=\"400\" class=\"wpcf7-form-control wpcf7-email wpcf7-validates-as-required wpcf7-text wpcf7-validates-as-email\" autocomplete=\"email\" aria-required=\"true\" aria-invalid=\"false\" placeholder=\"nome@azienda.it\" value=\"\" type=\"email\" name=\"your-email\" \/><\/span><br \/>\n<\/label>\n\t\t<\/p>\n\t\t<p><label class=\"pp-field\"><br \/>\n<span>Telefono<\/span><br \/>\n<span class=\"wpcf7-form-control-wrap\" data-name=\"your-tel\"><input size=\"40\" maxlength=\"400\" class=\"wpcf7-form-control wpcf7-tel wpcf7-validates-as-required wpcf7-text wpcf7-validates-as-tel\" autocomplete=\"tel\" aria-required=\"true\" aria-invalid=\"false\" placeholder=\"Numero di telefono\" value=\"\" type=\"tel\" name=\"your-tel\" \/><\/span><br \/>\n<\/label>\n\t\t<\/p>\n\t<\/div>\n\t<p><label class=\"pp-field pp-project-field\"><br \/>\n<span>Dimensioni della stanza ed esigenza di divisione<\/span><br \/>\n<span class=\"wpcf7-form-control-wrap\" data-name=\"room-needs\"><textarea cols=\"40\" rows=\"3\" maxlength=\"2000\" class=\"wpcf7-form-control wpcf7-textarea wpcf7-validates-as-required\" aria-required=\"true\" aria-invalid=\"false\" placeholder=\"Es. stanza di circa 40 m\u00b2: vorrei creare una sala riunioni, separare 4 postazioni e ridurre il rumore\" name=\"room-needs\"><\/textarea><\/span><br \/>\n<\/label>\n\t<\/p>\n\t<div class=\"pp-privacy\">\n\t\t<p><span class=\"wpcf7-form-control-wrap\" data-name=\"acceptance-199\"><span class=\"wpcf7-form-control wpcf7-acceptance\"><span class=\"wpcf7-list-item\"><label><input type=\"checkbox\" name=\"acceptance-199\" value=\"1\" aria-invalid=\"false\" \/><span class=\"wpcf7-list-item-label\">Usando questo modulo accetti il trattamento dei dati secondo la <a href=\"https:\/\/www.iubenda.com\/privacy-policy\/67493753\" target=\"_blank\" rel=\"noopener\">Privacy Policy<\/a>. I tuoi dati saranno utilizzati per gestire la richiesta e inviarti le informazioni relative alla promozione.<\/span><\/label><\/span><\/span><\/span>\n\t\t<\/p>\n\t<\/div>\n\t<div class=\"pp-submit\">\n\t\t<p><input class=\"wpcf7-form-control wpcf7-submit has-spinner\" type=\"submit\" value=\"Richiedi progetto e sconto\" \/>\n\t\t<\/p>\n\t<\/div>\n<\/div>\n<p><script>\n(function () {\n function initializeFormFocus() {\n var forms = document.querySelectorAll('.pp-form-card');\n\n if (!forms.length) {\n return;\n }\n\n var overlay = document.querySelector('.pp-focus-overlay');\n\n if (!overlay) {\n overlay = document.createElement('div');\n overlay.className = 'pp-focus-overlay';\n overlay.setAttribute('aria-hidden', 'true');\n document.body.appendChild(overlay);\n }\n\n function activateFocus(focusBox) {\n document.body.classList.add('pp-form-focus');\n focusBox.classList.add('pp-form-host');\n }\n\n function deactivateFocus(focusBox) {\n var activeElement = document.activeElement;\n\n \/*\n * Se l\u2019utente sta scrivendo in un campo,\n * il focus deve rimanere attivo.\n *\/\n\n if (\n activeElement &&\n focusBox.contains(activeElement)\n ) {\n return;\n }\n\n document.body.classList.remove('pp-form-focus');\n focusBox.classList.remove('pp-form-host');\n }\n\n forms.forEach(function (form) {\n \/*\n * Il primo contenitore .e-con \u00e8 la scheda bianca\n * esterna che contiene titolo, modulo e condizioni.\n *\/\n\n var focusBox =\n form.closest('.e-con') ||\n form.closest('.elementor-column') ||\n form.closest('.elementor-widget') ||\n form;\n\n if (focusBox.dataset.focusReady === 'true') {\n return;\n }\n\n focusBox.dataset.focusReady = 'true';\n\n \/*\n * Su desktop l\u2019effetto parte passando sopra\n * qualsiasi punto della scheda bianca.\n *\/\n\n focusBox.addEventListener('mouseenter', function () {\n activateFocus(focusBox);\n });\n\n focusBox.addEventListener('mouseleave', function () {\n deactivateFocus(focusBox);\n });\n\n \/*\n * Su smartphone parte quando viene selezionato\n * uno dei campi.\n *\/\n\n focusBox.addEventListener('focusin', function () {\n activateFocus(focusBox);\n });\n\n focusBox.addEventListener('focusout', function () {\n window.setTimeout(function () {\n deactivateFocus(focusBox);\n }, 50);\n });\n });\n\n \/*\n * Premendo ESC si chiude l\u2019effetto focus.\n *\/\n\n document.addEventListener('keydown', function (event) {\n if (event.key !== 'Escape') {\n return;\n }\n\n if (\n document.activeElement &&\n typeof document.activeElement.blur === 'function'\n ) {\n document.activeElement.blur();\n }\n\n document.body.classList.remove('pp-form-focus');\n\n document.querySelectorAll('.pp-form-host').forEach(\n function (focusBox) {\n focusBox.classList.remove('pp-form-host');\n }\n );\n });\n }\n\n if (document.readyState === 'loading') {\n document.addEventListener(\n 'DOMContentLoaded',\n initializeFormFocus\n );\n } else {\n initializeFormFocus();\n }\n})();\n<\/script>\n<\/p><div class=\"wpcf7-response-output\" aria-hidden=\"true\"><\/div>\n<\/form>\n<\/div>\n<\/div>\n            <\/div>\t\t\t\t<\/div>\n\t\t\t\t<div class=\"elementor-element elementor-element-83fbcd1 elementor-widget elementor-widget-text-editor\" data-id=\"83fbcd1\" data-element_type=\"widget\" data-e-type=\"widget\" data-widget_type=\"text-editor.default\">\n\t\t\t\t\t\t\t\t\t<p style=\"text-align: center;\"><i>Sconto di 240 euro su ordini pari o superiori a 1.200 euro, IVA esclusa. Codice personale, uso singolo, non cumulabile con altre promozioni o con prodotti gi\u00e0 in sconto sul sito. Voucher da 150 euro spendibile sullo shop Studio T su un ordine minimo di 550 euro. Il progetto \u00e8 gratuito e non impegna all&#8217;acquisto. Offerta valida fino al 14 settembre.<\/i><\/p>\t\t\t\t\t\t\t\t<\/div>\n\t\t\t\t<\/div>\n\t\t\t\t\t<\/div>\n\t\t\t\t<\/div>\n\t\t<div class=\"elementor-element elementor-element-01b2e9f e-flex e-con-boxed e-con e-parent\" data-id=\"01b2e9f\" data-element_type=\"container\" data-e-type=\"container\" data-settings=\"{&quot;background_background&quot;:&quot;classic&quot;}\">\n\t\t\t\t\t<div class=\"e-con-inner\">\n\t\t<div class=\"elementor-element elementor-element-09485ae e-con-full e-flex e-con e-child\" data-id=\"09485ae\" data-element_type=\"container\" data-e-type=\"container\">\n\t\t\t\t<div class=\"elementor-element elementor-element-00ca728 elementor-widget elementor-widget-heading\" data-id=\"00ca728\" data-element_type=\"widget\" data-e-type=\"widget\" data-widget_type=\"heading.default\">\n\t\t\t\t\t<h2 class=\"elementor-heading-title elementor-size-default\">Ecco cosa dicono i nostri clienti:\n<\/h2>\t\t\t\t<\/div>\n\t\t\t\t<div class=\"elementor-element elementor-element-8c4c30e elementor-widget-divider--view-line elementor-widget elementor-widget-divider\" data-id=\"8c4c30e\" data-element_type=\"widget\" data-e-type=\"widget\" data-widget_type=\"divider.default\">\n\t\t\t\t\t\t\t<div class=\"elementor-divider\">\n\t\t\t<span class=\"elementor-divider-separator\">\n\t\t\t\t\t\t<\/span>\n\t\t<\/div>\n\t\t\t\t\t\t<\/div>\n\t\t<div class=\"elementor-element elementor-element-4c45076 e-con-full e-flex e-con e-child\" data-id=\"4c45076\" data-element_type=\"container\" data-e-type=\"container\">\n\t\t\t\t<div class=\"elementor-element elementor-element-d410057 arrows-relative-to-box_area slider-layout_1 slider-tablet-default slider-mobile-default slide-h-position-center bullets-small-dot-stroke elementor-widget elementor-widget-the7_content_carousel\" data-id=\"d410057\" data-element_type=\"widget\" data-e-type=\"widget\" data-settings=\"{&quot;widget_columns&quot;:3,&quot;widget_columns_tablet&quot;:2,&quot;widget_columns_mobile&quot;:1,&quot;gap_between_posts&quot;:{&quot;unit&quot;:&quot;px&quot;,&quot;size&quot;:30,&quot;sizes&quot;:[]},&quot;gap_between_posts_tablet&quot;:{&quot;unit&quot;:&quot;px&quot;,&quot;size&quot;:&quot;&quot;,&quot;sizes&quot;:[]},&quot;gap_between_posts_mobile&quot;:{&quot;unit&quot;:&quot;px&quot;,&quot;size&quot;:&quot;&quot;,&quot;sizes&quot;:[]}}\" data-widget_type=\"the7_content_carousel.default\">\n\t\t\t\t<div class=\"elementor-widget-container\">\n\t\t\t\t\t<div class=\"disable-arrows-hover-bg owl-carousel text-and-icon-carousel elementor-owl-carousel-call the7-elementor-widget the7_content_carousel-d410057 quick-scale-img\" data-scroll-mode=\"1\" data-auto-height=\"false\" data-speed=\"600\" data-autoplay=\"false\" data-autoplay_speed=\"\"><div  class=\"dt-owl-item-wrap elements-hover\"  ><div class=\"dt-owl-item-inner \"><div   class=\"dt-owl-item-icon\"><svg aria-hidden=\"true\" class=\"open-button e-font-icon-svg e-fas-quote-right\" viewBox=\"0 0 512 512\" xmlns=\"http:\/\/www.w3.org\/2000\/svg\"><path d=\"M464 32H336c-26.5 0-48 21.5-48 48v128c0 26.5 21.5 48 48 48h80v64c0 35.3-28.7 64-64 64h-8c-13.3 0-24 10.7-24 24v48c0 13.3 10.7 24 24 24h8c88.4 0 160-71.6 160-160V80c0-26.5-21.5-48-48-48zm-288 0H48C21.5 32 0 53.5 0 80v128c0 26.5 21.5 48 48 48h80v64c0 35.3-28.7 64-64 64h-8c-13.3 0-24 10.7-24 24v48c0 13.3 10.7 24 24 24h8c88.4 0 160-71.6 160-160V80c0-26.5-21.5-48-48-48z\"><\/path><\/svg><\/div><div class=\"dt-owl-item-description\">\"Cordialit\u00e0, professionalit\u00e0 e perfezione. La nostra azienda si trova in Svizzera, a Lugano, e abbiamo allestito i nostri locali con i prodotti di Studio T. Come impresario-costruttore pretendo sempre il massimo dai miei fornitori, e devo dire che Studio T ha superato le aspettative: sia nei prodotti che ci hanno fornito, sia nel servizio.\"\n<\/div><\/div><\/div><div  class=\"dt-owl-item-wrap elements-hover\"  ><div class=\"dt-owl-item-inner \"><div   class=\"dt-owl-item-icon\"><svg aria-hidden=\"true\" class=\"open-button e-font-icon-svg e-fas-quote-right\" viewBox=\"0 0 512 512\" xmlns=\"http:\/\/www.w3.org\/2000\/svg\"><path d=\"M464 32H336c-26.5 0-48 21.5-48 48v128c0 26.5 21.5 48 48 48h80v64c0 35.3-28.7 64-64 64h-8c-13.3 0-24 10.7-24 24v48c0 13.3 10.7 24 24 24h8c88.4 0 160-71.6 160-160V80c0-26.5-21.5-48-48-48zm-288 0H48C21.5 32 0 53.5 0 80v128c0 26.5 21.5 48 48 48h80v64c0 35.3-28.7 64-64 64h-8c-13.3 0-24 10.7-24 24v48c0 13.3 10.7 24 24 24h8c88.4 0 160-71.6 160-160V80c0-26.5-21.5-48-48-48z\"><\/path><\/svg><\/div><div class=\"dt-owl-item-description\">\"Studio T \u00e8 un punto di riferimento nell'arredamento e nel benessere negli ambienti di lavoro. Offre alle aziende e ai progettisti una vastissima scelta e una personalizzazione a 360 gradi che non ho trovato altrove. La ricerca e l'innovazione nel settore sono il loro punto di forza.\"\n<\/div><\/div><\/div><div  class=\"dt-owl-item-wrap elements-hover\"  ><div class=\"dt-owl-item-inner \"><div   class=\"dt-owl-item-icon\"><svg aria-hidden=\"true\" class=\"open-button e-font-icon-svg e-fas-quote-right\" viewBox=\"0 0 512 512\" xmlns=\"http:\/\/www.w3.org\/2000\/svg\"><path d=\"M464 32H336c-26.5 0-48 21.5-48 48v128c0 26.5 21.5 48 48 48h80v64c0 35.3-28.7 64-64 64h-8c-13.3 0-24 10.7-24 24v48c0 13.3 10.7 24 24 24h8c88.4 0 160-71.6 160-160V80c0-26.5-21.5-48-48-48zm-288 0H48C21.5 32 0 53.5 0 80v128c0 26.5 21.5 48 48 48h80v64c0 35.3-28.7 64-64 64h-8c-13.3 0-24 10.7-24 24v48c0 13.3 10.7 24 24 24h8c88.4 0 160-71.6 160-160V80c0-26.5-21.5-48-48-48z\"><\/path><\/svg><\/div><div class=\"dt-owl-item-description\">\"Avevo delle domande prima di fare l'acquisto: l'assistenza \u00e8 stata rapida ed efficace, spedizione nei tempi stabiliti, mi sono trovata molto bene.\"\n\n<\/div><\/div><\/div><\/div><div class=\"owl-nav disabled\"><div class=\"owl-prev\" role=\"button\" tabindex=\"0\" aria-label=\"Prev slide\"><svg class=\"e-font-icon-svg e-fas-chevron-left\" viewBox=\"0 0 320 512\" xmlns=\"http:\/\/www.w3.org\/2000\/svg\"><path d=\"M34.52 239.03L228.87 44.69c9.37-9.37 24.57-9.37 33.94 0l22.67 22.67c9.36 9.36 9.37 24.52.04 33.9L131.49 256l154.02 154.75c9.34 9.38 9.32 24.54-.04 33.9l-22.67 22.67c-9.37 9.37-24.57 9.37-33.94 0L34.52 272.97c-9.37-9.37-9.37-24.57 0-33.94z\"><\/path><\/svg><\/div><div class=\"owl-next\" role=\"button\" tabindex=\"0\" aria-label=\"Next slide\"><svg class=\"e-font-icon-svg e-fas-chevron-right\" viewBox=\"0 0 320 512\" xmlns=\"http:\/\/www.w3.org\/2000\/svg\"><path d=\"M285.476 272.971L91.132 467.314c-9.373 9.373-24.569 9.373-33.941 0l-22.667-22.667c-9.357-9.357-9.375-24.522-.04-33.901L188.505 256 34.484 101.255c-9.335-9.379-9.317-24.544.04-33.901l22.667-22.667c9.373-9.373 24.569-9.373 33.941 0L285.475 239.03c9.373 9.372 9.373 24.568.001 33.941z\"><\/path><\/svg><\/div><\/div>\t\t\t\t<\/div>\n\t\t\t\t<\/div>\n\t\t\t\t<\/div>\n\t\t\t\t<\/div>\n\t\t\t\t\t<\/div>\n\t\t\t\t<\/div>\n\t\t<div class=\"elementor-element elementor-element-05dc5f4 e-flex e-con-boxed e-con e-parent\" data-id=\"05dc5f4\" data-element_type=\"container\" data-e-type=\"container\">\n\t\t\t\t\t<div class=\"e-con-inner\">\n\t\t<div class=\"elementor-element elementor-element-b3263f9 e-con-full e-flex e-con e-child\" data-id=\"b3263f9\" data-element_type=\"container\" data-e-type=\"container\">\n\t\t\t\t<div class=\"elementor-element elementor-element-9064937 elementor-widget elementor-widget-heading\" data-id=\"9064937\" data-element_type=\"widget\" data-e-type=\"widget\" data-widget_type=\"heading.default\">\n\t\t\t\t\t<h2 class=\"elementor-heading-title elementor-size-default\">Domande frequenti sulle pareti divisorie per ufficio\n\n<\/h2>\t\t\t\t<\/div>\n\t\t\t\t<div class=\"elementor-element elementor-element-b0aeb1c elementor-widget-divider--view-line elementor-widget elementor-widget-divider\" data-id=\"b0aeb1c\" data-element_type=\"widget\" data-e-type=\"widget\" data-widget_type=\"divider.default\">\n\t\t\t\t\t\t\t<div class=\"elementor-divider\">\n\t\t\t<span class=\"elementor-divider-separator\">\n\t\t\t\t\t\t<\/span>\n\t\t<\/div>\n\t\t\t\t\t\t<\/div>\n\t\t\t\t<div class=\"elementor-element elementor-element-e305099 elementor-widget elementor-widget-text-editor\" data-id=\"e305099\" data-element_type=\"widget\" data-e-type=\"widget\" data-widget_type=\"text-editor.default\">\n\t\t\t\t\t\t\t\t\t<h3 style=\"text-align: center;\"><span style=\"color: #000000;\"><b>Come si divide un ufficio open space senza fare lavori?<\/b><\/span><\/h3><p style=\"text-align: center;\">Si divide con pareti divisorie mobili o autoportanti, che si appoggiano a pavimento o si montano su ruote senza opere murarie. Studio T progetta la configurazione partendo dalle misure dell&#8217;ambiente. Un modulo autoportante a due elementi si installa in circa 30 minuti e si sposta quando il team cambia, senza fermare l&#8217;attivit\u00e0 dell&#8217;ufficio.<\/p><p style=\"text-align: center;\">\u00a0<\/p><h3 style=\"text-align: center;\"><span style=\"color: #000000;\"><b>Quanto costa dividere un ufficio con pareti divisorie mobili?<\/b><\/span><\/h3><p style=\"text-align: center;\">Un modulo singolo da 200&#215;100 cm parte da 300 euro. Il costo totale dipende dal numero di moduli, dal materiale scelto tra alluminio, policarbonato, vetro e legno, dal sistema di fissaggio e dalla presenza di caratteristiche fonoassorbenti. Studio T produce internamente nello stabilimento di Godo di Russi, in provincia di Ravenna, e formula il preventivo sulle misure reali dell&#8217;ambiente.<\/p><p style=\"text-align: center;\">\u00a0<\/p><h3 style=\"text-align: center;\"><span style=\"color: #000000;\"><b>Meglio pareti divisorie mobili o cartongesso per dividere un ufficio?<\/b><\/span><\/h3><p style=\"text-align: center;\">Le pareti divisorie mobili non richiedono opere murarie, permessi n\u00e9 manodopera edile: si installano in poche ore, si spostano e si riconfigurano quando cambiano le esigenze. Il cartongesso \u00e8 una soluzione fissa, con costi di posa pi\u00f9 alti e tempi di cantiere. Per uffici che crescono o riorganizzano i team, la parete mobile resta l&#8217;unica opzione reversibile.<\/p><p style=\"text-align: center;\">\u00a0<\/p><h3 style=\"text-align: center;\"><span style=\"color: #000000;\"><b>Le pareti divisorie mobili riducono davvero il rumore in un open space?<\/b><\/span><\/h3><p style=\"text-align: center;\">Solo quelle fonoassorbenti. Le pareti divisorie fonoassorbenti sono progettate con materiali che riducono il riverbero e attutiscono il rumore di fondo, mentre i divisori trasparenti o in policarbonato separano visivamente ma lasciano passare il suono. Studio T realizza entrambe le tipologie e in fase di progetto indica quale serve in base all&#8217;uso dello spazio.<\/p><p style=\"text-align: center;\">\u00a0<\/p><h3 style=\"text-align: center;\"><span style=\"color: #000000;\"><b>Quanto tempo serve per installare pareti divisorie in un ufficio?<\/b><\/span><\/h3><p style=\"text-align: center;\">Poche ore, spesso molte meno. Una parete autoportante a due moduli richiede circa 30 minuti di montaggio. Anche le strutture cielo-terra, ancorate al soffitto con viti, si smontano e si rimontano con facilit\u00e0. L&#8217;installazione non produce polvere e non richiede di sospendere l&#8217;attivit\u00e0 dell&#8217;ufficio.<\/p><p style=\"text-align: center;\">\u00a0<\/p><h3 style=\"text-align: center;\"><span style=\"color: #000000;\"><b>Serve un permesso per installare una parete divisoria mobile?<\/b><\/span><\/h3><p style=\"text-align: center;\">No. Le pareti divisorie mobili e autoportanti non sono opere murarie e non richiedono permessi o pratiche edilizie. Sono anche completamente reversibili, per questo vengono usate in edifici tutelati dalla Soprintendenza dove non \u00e8 possibile forare pavimenti e murature. Studio T ha realizzato interventi di questo tipo alla Camera di Commercio di Forl\u00ec.<\/p><p style=\"text-align: center;\">\u00a0<\/p><h3 style=\"text-align: center;\"><span style=\"color: #000000;\"><b>Chi produce pareti divisorie su misura in Italia?<\/b><\/span><\/h3><p style=\"text-align: center;\">Studio T progetta e produce pareti divisorie su misura dal 1977, nello stabilimento di Godo di Russi, in provincia di Ravenna. La produzione \u00e8 interna, quindi misure, materiali, finiture e grafiche si adattano allo spazio del cliente senza passare da intermediari. Spedisce in tutta Italia e ha una valutazione di 4,9 su 5 su Recensioni Verificate.<\/p><p style=\"text-align: center;\">\u00a0<\/p><h3 style=\"text-align: center;\"><span style=\"color: #000000;\"><b>Si possono personalizzare le pareti divisorie con logo e colori aziendali?<\/b><\/span><\/h3><p style=\"text-align: center;\">S\u00ec. Studio T realizza pannelli con loghi, immagini, texture, pattern decorativi e grafiche personalizzate, oltre a strutture e cornici in una gamma ampia di colori. Se il cliente ha gi\u00e0 un file grafico, la fattibilit\u00e0 viene verificata gratuitamente e viene prodotta una simulazione prima di mandare in produzione.<\/p><p style=\"text-align: center;\">\u00a0<\/p><h3 style=\"text-align: center;\"><span style=\"color: #000000;\"><b>Come funziona lo sconto di 240 euro di Studio T sulle pareti divisorie?<\/b><\/span><\/h3><p style=\"text-align: center;\">Dal 31 agosto al 14 settembre 2026 chi richiede il progetto gratuito sul sito paretineperuffici.it riceve via email un codice da 240 euro, valido su ordini pari o superiori a 1.200 euro. Il codice \u00e8 personale, si usa una volta sola e non \u00e8 cumulabile con i prodotti gi\u00e0 scontati sullo shop Studio T.<\/p>\t\t\t\t\t\t\t\t<\/div>\n\t\t\t\t<div class=\"elementor-element elementor-element-8a1c0ab elementor-align-center elementor-widget elementor-widget-button\" data-id=\"8a1c0ab\" data-element_type=\"widget\" data-e-type=\"widget\" data-widget_type=\"button.default\">\n\t\t\t\t\t\t\t\t\t\t<a class=\"elementor-button elementor-button-link elementor-size-sm\" href=\"#form\">\n\t\t\t\t\t\t<span class=\"elementor-button-content-wrapper\">\n\t\t\t\t\t\t<span class=\"elementor-button-icon\">\n\t\t\t\t<svg aria-hidden=\"true\" class=\"e-font-icon-svg e-fas-file-download\" viewBox=\"0 0 384 512\" xmlns=\"http:\/\/www.w3.org\/2000\/svg\"><path d=\"M224 136V0H24C10.7 0 0 10.7 0 24v464c0 13.3 10.7 24 24 24h336c13.3 0 24-10.7 24-24V160H248c-13.2 0-24-10.8-24-24zm76.45 211.36l-96.42 95.7c-6.65 6.61-17.39 6.61-24.04 0l-96.42-95.7C73.42 337.29 80.54 320 94.82 320H160v-80c0-8.84 7.16-16 16-16h32c8.84 0 16 7.16 16 16v80h65.18c14.28 0 21.4 17.29 11.27 27.36zM377 105L279.1 7c-4.5-4.5-10.6-7-17-7H256v128h128v-6.1c0-6.3-2.5-12.4-7-16.9z\"><\/path><\/svg>\t\t\t<\/span>\n\t\t\t\t\t\t\t\t\t<span class=\"elementor-button-text\">Richiedi lo Sconto<\/span>\n\t\t\t\t\t<\/span>\n\t\t\t\t\t<\/a>\n\t\t\t\t\t\t\t\t<\/div>\n\t\t\t\t<\/div>\n\t\t\t\t\t<\/div>\n\t\t\t\t<\/div>\n\t\t\t\t<\/div>\n\t\t","protected":false},"excerpt":{"rendered":"<p>Voglia di nuovo ufficio ? Voglia di ufficio nuovo, ma non vuoi muratori e cantieri che ti bloccano il lavoro? Ecco come dividere lo spazio in ufficio in 30 minuti, senza muratori, polvere o burocrazia Separare le postazioni o creare aree riservate non richiede per forza un cantiere. Con le nostre paretine riorganizzi lo spazio&hellip;<\/p>\n","protected":false},"author":1,"featured_media":0,"parent":0,"menu_order":0,"comment_status":"closed","ping_status":"closed","template":"elementor_header_footer","meta":{"footnotes":""},"class_list":["post-380","page","type-page","status-publish","hentry"],"yoast_head":"<!-- This site is optimized with the Yoast SEO plugin v27.5 - https:\/\/yoast.com\/product\/yoast-seo-wordpress\/ -->\n<title>Promozione pareti divisorie ufficio | Studio T<\/title>\n<meta name=\"description\" content=\"Fino al 14 settembre: 240\u20ac di sconto sulle pareti divisorie su misura, voucher da 150 euro e progetto del tuo spazio gratis. Studio T, produzione interna dal 1977.\" \/>\n<meta name=\"robots\" content=\"index, follow, max-snippet:-1, max-image-preview:large, max-video-preview:-1\" \/>\n<link rel=\"canonical\" href=\"https:\/\/www.paretineperuffici.it\/index.php\/promo-sept\/\" \/>\n<meta property=\"og:locale\" content=\"it_IT\" \/>\n<meta property=\"og:type\" content=\"article\" \/>\n<meta property=\"og:title\" content=\"Promozione pareti divisorie ufficio | Studio T\" \/>\n<meta property=\"og:description\" content=\"Fino al 14 settembre: 240\u20ac di sconto sulle pareti divisorie su misura, voucher da 150 euro e progetto del tuo spazio gratis. Studio T, produzione interna dal 1977.\" \/>\n<meta property=\"og:url\" content=\"https:\/\/www.paretineperuffici.it\/index.php\/promo-sept\/\" \/>\n<meta property=\"og:site_name\" content=\"Pareti divisorie mobili - Studio T\" \/>\n<meta property=\"article:modified_time\" content=\"2026-08-31T07:30:09+00:00\" \/>\n<meta property=\"og:image\" content=\"https:\/\/www.paretineperuffici.it\/wp-content\/uploads\/elementor\/thumbs\/tetrix-143IMG_0602-rn5gqi754znsoj4ff89g9s3wifdhbcognpldal918o.jpg\" \/>\n<meta name=\"twitter:card\" content=\"summary_large_image\" \/>\n<meta name=\"twitter:label1\" content=\"Tempo di lettura stimato\" \/>\n\t<meta name=\"twitter:data1\" content=\"1 minuto\" \/>\n<script type=\"application\/ld+json\" class=\"yoast-schema-graph\">{\"@context\":\"https:\\\/\\\/schema.org\",\"@graph\":[{\"@type\":\"WebPage\",\"@id\":\"https:\\\/\\\/www.paretineperuffici.it\\\/index.php\\\/promo-sept\\\/\",\"url\":\"https:\\\/\\\/www.paretineperuffici.it\\\/index.php\\\/promo-sept\\\/\",\"name\":\"Promozione pareti divisorie ufficio | Studio T\",\"isPartOf\":{\"@id\":\"https:\\\/\\\/www.paretineperuffici.it\\\/#website\"},\"primaryImageOfPage\":{\"@id\":\"https:\\\/\\\/www.paretineperuffici.it\\\/index.php\\\/promo-sept\\\/#primaryimage\"},\"image\":{\"@id\":\"https:\\\/\\\/www.paretineperuffici.it\\\/index.php\\\/promo-sept\\\/#primaryimage\"},\"thumbnailUrl\":\"https:\\\/\\\/www.paretineperuffici.it\\\/wp-content\\\/uploads\\\/elementor\\\/thumbs\\\/tetrix-143IMG_0602-rn5gqi754znsoj4ff89g9s3wifdhbcognpldal918o.jpg\",\"datePublished\":\"2026-08-25T13:01:25+00:00\",\"dateModified\":\"2026-08-31T07:30:09+00:00\",\"description\":\"Fino al 14 settembre: 240\u20ac di sconto sulle pareti divisorie su misura, voucher da 150 euro e progetto del tuo spazio gratis. Studio T, produzione interna dal 1977.\",\"breadcrumb\":{\"@id\":\"https:\\\/\\\/www.paretineperuffici.it\\\/index.php\\\/promo-sept\\\/#breadcrumb\"},\"inLanguage\":\"it-IT\",\"potentialAction\":[{\"@type\":\"ReadAction\",\"target\":[\"https:\\\/\\\/www.paretineperuffici.it\\\/index.php\\\/promo-sept\\\/\"]}]},{\"@type\":\"ImageObject\",\"inLanguage\":\"it-IT\",\"@id\":\"https:\\\/\\\/www.paretineperuffici.it\\\/index.php\\\/promo-sept\\\/#primaryimage\",\"url\":\"https:\\\/\\\/www.paretineperuffici.it\\\/wp-content\\\/uploads\\\/elementor\\\/thumbs\\\/tetrix-143IMG_0602-rn5gqi754znsoj4ff89g9s3wifdhbcognpldal918o.jpg\",\"contentUrl\":\"https:\\\/\\\/www.paretineperuffici.it\\\/wp-content\\\/uploads\\\/elementor\\\/thumbs\\\/tetrix-143IMG_0602-rn5gqi754znsoj4ff89g9s3wifdhbcognpldal918o.jpg\"},{\"@type\":\"BreadcrumbList\",\"@id\":\"https:\\\/\\\/www.paretineperuffici.it\\\/index.php\\\/promo-sept\\\/#breadcrumb\",\"itemListElement\":[{\"@type\":\"ListItem\",\"position\":1,\"name\":\"Home\",\"item\":\"https:\\\/\\\/www.paretineperuffici.it\\\/\"},{\"@type\":\"ListItem\",\"position\":2,\"name\":\"Promo Sept 2026\"}]},{\"@type\":\"WebSite\",\"@id\":\"https:\\\/\\\/www.paretineperuffici.it\\\/#website\",\"url\":\"https:\\\/\\\/www.paretineperuffici.it\\\/\",\"name\":\"Pareti divisorie mobili - Studio T\",\"description\":\"\",\"potentialAction\":[{\"@type\":\"SearchAction\",\"target\":{\"@type\":\"EntryPoint\",\"urlTemplate\":\"https:\\\/\\\/www.paretineperuffici.it\\\/?s={search_term_string}\"},\"query-input\":{\"@type\":\"PropertyValueSpecification\",\"valueRequired\":true,\"valueName\":\"search_term_string\"}}],\"inLanguage\":\"it-IT\"}]}<\/script>\n<!-- \/ Yoast SEO plugin. -->","yoast_head_json":{"title":"Promozione pareti divisorie ufficio | Studio T","description":"Fino al 14 settembre: 240\u20ac di sconto sulle pareti divisorie su misura, voucher da 150 euro e progetto del tuo spazio gratis. Studio T, produzione interna dal 1977.","robots":{"index":"index","follow":"follow","max-snippet":"max-snippet:-1","max-image-preview":"max-image-preview:large","max-video-preview":"max-video-preview:-1"},"canonical":"https:\/\/www.paretineperuffici.it\/index.php\/promo-sept\/","og_locale":"it_IT","og_type":"article","og_title":"Promozione pareti divisorie ufficio | Studio T","og_description":"Fino al 14 settembre: 240\u20ac di sconto sulle pareti divisorie su misura, voucher da 150 euro e progetto del tuo spazio gratis. Studio T, produzione interna dal 1977.","og_url":"https:\/\/www.paretineperuffici.it\/index.php\/promo-sept\/","og_site_name":"Pareti divisorie mobili - Studio T","article_modified_time":"2026-08-31T07:30:09+00:00","og_image":[{"url":"https:\/\/www.paretineperuffici.it\/wp-content\/uploads\/elementor\/thumbs\/tetrix-143IMG_0602-rn5gqi754znsoj4ff89g9s3wifdhbcognpldal918o.jpg","type":"","width":"","height":""}],"twitter_card":"summary_large_image","twitter_misc":{"Tempo di lettura stimato":"1 minuto"},"schema":{"@context":"https:\/\/schema.org","@graph":[{"@type":"WebPage","@id":"https:\/\/www.paretineperuffici.it\/index.php\/promo-sept\/","url":"https:\/\/www.paretineperuffici.it\/index.php\/promo-sept\/","name":"Promozione pareti divisorie ufficio | Studio T","isPartOf":{"@id":"https:\/\/www.paretineperuffici.it\/#website"},"primaryImageOfPage":{"@id":"https:\/\/www.paretineperuffici.it\/index.php\/promo-sept\/#primaryimage"},"image":{"@id":"https:\/\/www.paretineperuffici.it\/index.php\/promo-sept\/#primaryimage"},"thumbnailUrl":"https:\/\/www.paretineperuffici.it\/wp-content\/uploads\/elementor\/thumbs\/tetrix-143IMG_0602-rn5gqi754znsoj4ff89g9s3wifdhbcognpldal918o.jpg","datePublished":"2026-08-25T13:01:25+00:00","dateModified":"2026-08-31T07:30:09+00:00","description":"Fino al 14 settembre: 240\u20ac di sconto sulle pareti divisorie su misura, voucher da 150 euro e progetto del tuo spazio gratis. Studio T, produzione interna dal 1977.","breadcrumb":{"@id":"https:\/\/www.paretineperuffici.it\/index.php\/promo-sept\/#breadcrumb"},"inLanguage":"it-IT","potentialAction":[{"@type":"ReadAction","target":["https:\/\/www.paretineperuffici.it\/index.php\/promo-sept\/"]}]},{"@type":"ImageObject","inLanguage":"it-IT","@id":"https:\/\/www.paretineperuffici.it\/index.php\/promo-sept\/#primaryimage","url":"https:\/\/www.paretineperuffici.it\/wp-content\/uploads\/elementor\/thumbs\/tetrix-143IMG_0602-rn5gqi754znsoj4ff89g9s3wifdhbcognpldal918o.jpg","contentUrl":"https:\/\/www.paretineperuffici.it\/wp-content\/uploads\/elementor\/thumbs\/tetrix-143IMG_0602-rn5gqi754znsoj4ff89g9s3wifdhbcognpldal918o.jpg"},{"@type":"BreadcrumbList","@id":"https:\/\/www.paretineperuffici.it\/index.php\/promo-sept\/#breadcrumb","itemListElement":[{"@type":"ListItem","position":1,"name":"Home","item":"https:\/\/www.paretineperuffici.it\/"},{"@type":"ListItem","position":2,"name":"Promo Sept 2026"}]},{"@type":"WebSite","@id":"https:\/\/www.paretineperuffici.it\/#website","url":"https:\/\/www.paretineperuffici.it\/","name":"Pareti divisorie mobili - Studio T","description":"","potentialAction":[{"@type":"SearchAction","target":{"@type":"EntryPoint","urlTemplate":"https:\/\/www.paretineperuffici.it\/?s={search_term_string}"},"query-input":{"@type":"PropertyValueSpecification","valueRequired":true,"valueName":"search_term_string"}}],"inLanguage":"it-IT"}]}},"_links":{"self":[{"href":"https:\/\/www.paretineperuffici.it\/index.php\/wp-json\/wp\/v2\/pages\/380","targetHints":{"allow":["GET"]}}],"collection":[{"href":"https:\/\/www.paretineperuffici.it\/index.php\/wp-json\/wp\/v2\/pages"}],"about":[{"href":"https:\/\/www.paretineperuffici.it\/index.php\/wp-json\/wp\/v2\/types\/page"}],"author":[{"embeddable":true,"href":"https:\/\/www.paretineperuffici.it\/index.php\/wp-json\/wp\/v2\/users\/1"}],"replies":[{"embeddable":true,"href":"https:\/\/www.paretineperuffici.it\/index.php\/wp-json\/wp\/v2\/comments?post=380"}],"version-history":[{"count":47,"href":"https:\/\/www.paretineperuffici.it\/index.php\/wp-json\/wp\/v2\/pages\/380\/revisions"}],"predecessor-version":[{"id":457,"href":"https:\/\/www.paretineperuffici.it\/index.php\/wp-json\/wp\/v2\/pages\/380\/revisions\/457"}],"wp:attachment":[{"href":"https:\/\/www.paretineperuffici.it\/index.php\/wp-json\/wp\/v2\/media?parent=380"}],"curies":[{"name":"wp","href":"https:\/\/api.w.org\/{rel}","templated":true}]}}