{"id":46,"date":"2026-05-08T12:34:59","date_gmt":"2026-05-08T10:34:59","guid":{"rendered":"https:\/\/www.paretineperuffici.it\/?page_id=46"},"modified":"2026-06-12T09:52:03","modified_gmt":"2026-06-12T07:52:03","slug":"home","status":"publish","type":"page","link":"https:\/\/www.paretineperuffici.it\/","title":{"rendered":"Home"},"content":{"rendered":"\t\t<div data-elementor-type=\"wp-page\" data-elementor-id=\"46\" class=\"elementor elementor-46\">\n\t\t\t\t<div class=\"elementor-element elementor-element-7cfe55f e-flex e-con-boxed e-con e-parent\" data-id=\"7cfe55f\" data-element_type=\"container\" data-e-type=\"container\" data-settings=\"{&quot;background_background&quot;:&quot;classic&quot;}\">\n\t\t\t\t\t<div class=\"e-con-inner\">\n\t\t\t\t<div class=\"elementor-element elementor-element-a54ef4d elementor-widget elementor-widget-heading\" data-id=\"a54ef4d\" data-element_type=\"widget\" data-e-type=\"widget\" data-widget_type=\"heading.default\">\n\t\t\t\t\t<h2 class=\"elementor-heading-title elementor-size-default\">Dividi, trasforma e riorganizza lo spazio in 24 ore\n<\/h2>\t\t\t\t<\/div>\n\t\t\t\t<div class=\"elementor-element elementor-element-bf2da67 elementor-widget elementor-widget-heading\" data-id=\"bf2da67\" data-element_type=\"widget\" data-e-type=\"widget\" data-widget_type=\"heading.default\">\n\t\t\t\t\t<h2 class=\"elementor-heading-title elementor-size-default\">Progettiamo e produciamo divisori per ambienti da quasi 50 anni\n<\/h2>\t\t\t\t<\/div>\n\t\t\t\t<div class=\"elementor-element elementor-element-bbde85c elementor-widget-divider--view-line elementor-widget elementor-widget-divider\" data-id=\"bbde85c\" data-element_type=\"widget\" data-e-type=\"widget\" data-widget_type=\"divider.default\">\n\t\t\t\t\t\t\t<div class=\"elementor-divider\">\n\t\t\t<span class=\"elementor-divider-separator\">\n\t\t\t\t\t\t<\/span>\n\t\t<\/div>\n\t\t\t\t\t\t<\/div>\n\t\t\t\t<div class=\"elementor-element elementor-element-d65ce50 elementor-widget elementor-widget-text-editor\" data-id=\"d65ce50\" data-element_type=\"widget\" data-e-type=\"widget\" data-widget_type=\"text-editor.default\">\n\t\t\t\t\t\t\t\t\t<p><span style=\"font-weight: 400;\">Pareti mobili, fonoassorbenti e sistemi espositivi Made in Italy: si installano senza opere murarie in un giorno e durano per una vita. Spedizione in tutta Italia.<\/span><\/p>\t\t\t\t\t\t\t\t<\/div>\n\t\t<div class=\"elementor-element elementor-element-6f8fcb4 e-con-full e-flex e-con e-child\" data-id=\"6f8fcb4\" data-element_type=\"container\" data-e-type=\"container\">\n\t\t\t\t<div class=\"elementor-element elementor-element-a8e54e2 elementor-align-center elementor-widget elementor-widget-button\" data-id=\"a8e54e2\" data-element_type=\"widget\" data-e-type=\"widget\" data-widget_type=\"button.default\">\n\t\t\t\t\t\t\t\t\t\t<a class=\"elementor-button elementor-button-link elementor-size-sm\" href=\"#form\">\n\t\t\t\t\t\t<span class=\"elementor-button-content-wrapper\">\n\t\t\t\t\t\t<span class=\"elementor-button-icon\">\n\t\t\t\t<svg aria-hidden=\"true\" class=\"e-font-icon-svg e-fas-file-download\" viewBox=\"0 0 384 512\" xmlns=\"http:\/\/www.w3.org\/2000\/svg\"><path d=\"M224 136V0H24C10.7 0 0 10.7 0 24v464c0 13.3 10.7 24 24 24h336c13.3 0 24-10.7 24-24V160H248c-13.2 0-24-10.8-24-24zm76.45 211.36l-96.42 95.7c-6.65 6.61-17.39 6.61-24.04 0l-96.42-95.7C73.42 337.29 80.54 320 94.82 320H160v-80c0-8.84 7.16-16 16-16h32c8.84 0 16 7.16 16 16v80h65.18c14.28 0 21.4 17.29 11.27 27.36zM377 105L279.1 7c-4.5-4.5-10.6-7-17-7H256v128h128v-6.1c0-6.3-2.5-12.4-7-16.9z\"><\/path><\/svg>\t\t\t<\/span>\n\t\t\t\t\t\t\t\t\t<span class=\"elementor-button-text\">Scarica il catalogo <\/span>\n\t\t\t\t\t<\/span>\n\t\t\t\t\t<\/a>\n\t\t\t\t\t\t\t\t<\/div>\n\t\t\t\t<\/div>\n\t\t\t\t\t<\/div>\n\t\t\t\t<\/div>\n\t\t<div class=\"elementor-element elementor-element-1d512fe e-flex e-con-boxed e-con e-parent\" data-id=\"1d512fe\" data-element_type=\"container\" data-e-type=\"container\">\n\t\t\t\t\t<div class=\"e-con-inner\">\n\t\t<div class=\"elementor-element elementor-element-f5c275a e-con-full e-flex e-con e-child\" data-id=\"f5c275a\" data-element_type=\"container\" data-e-type=\"container\">\n\t\t\t\t<div class=\"elementor-element elementor-element-3c2d62a elementor-widget elementor-widget-heading\" data-id=\"3c2d62a\" data-element_type=\"widget\" data-e-type=\"widget\" data-widget_type=\"heading.default\">\n\t\t\t\t\t<h2 class=\"elementor-heading-title elementor-size-default\">Quando lo spazio non aiuta, il lavoro rallenta\n<\/h2>\t\t\t\t<\/div>\n\t\t\t\t<div class=\"elementor-element elementor-element-7e36c7f elementor-widget-divider--view-line elementor-widget elementor-widget-divider\" data-id=\"7e36c7f\" data-element_type=\"widget\" data-e-type=\"widget\" data-widget_type=\"divider.default\">\n\t\t\t\t\t\t\t<div class=\"elementor-divider\">\n\t\t\t<span class=\"elementor-divider-separator\">\n\t\t\t\t\t\t<\/span>\n\t\t<\/div>\n\t\t\t\t\t\t<\/div>\n\t\t\t\t<div class=\"elementor-element elementor-element-4bb955a elementor-widget elementor-widget-text-editor\" data-id=\"4bb955a\" data-element_type=\"widget\" data-e-type=\"widget\" data-widget_type=\"text-editor.default\">\n\t\t\t\t\t\t\t\t\t<p><span style=\"font-weight: 400;\">Un ufficio open space dove tutti sentono tutto, una sala che va divisa per un evento e rimessa com&#8217;era entro la sera: in tutti questi casi, quando \u00e8 necessario riconfigurare team e reparti perch\u00e9 cambiano le esigenze, il problema non \u00e8 la pianta dell&#8217;edificio, \u00e8 che <\/span><b>lo spazio non \u00e8 stato pensato per adattarsi a chi lo usa<\/b><span style=\"font-weight: 400;\">.<\/span><\/p><p><span style=\"font-weight: 400;\">Aprire un cantiere, chiedere permessi e affrontare tempi e costi di una ristrutturazione per risolvere un\u2019esigenza \u201cvariabile\u201d \u00e8 un costo nascosto che molte aziende sottovalutano. Con una parete divisoria mobile, invece, lo spazio si organizza in modo rapido: si posiziona, si sposta, si riconfigura quando serve, senza fermare l\u2019attivit\u00e0, senza interventi invasivi.<\/span><\/p>\t\t\t\t\t\t\t\t<\/div>\n\t\t\t\t<\/div>\n\t\t<div class=\"elementor-element elementor-element-68cee5b e-con-full e-flex e-con e-child\" data-id=\"68cee5b\" data-element_type=\"container\" data-e-type=\"container\">\n\t\t\t\t<div class=\"elementor-element elementor-element-603487e elementor-widget elementor-widget-image\" data-id=\"603487e\" data-element_type=\"widget\" data-e-type=\"widget\" data-widget_type=\"image.default\">\n\t\t\t\t\t\t\t\t\t\t\t\t\t\t\t<img decoding=\"async\" src=\"https:\/\/www.paretineperuffici.it\/wp-content\/uploads\/elementor\/thumbs\/FOTO-1-HOME-divisorio-ufficio-tosca-e-lavagna-l-scaled-ro0q3ut201fi4h8tx2kg373vvbkt4qsximuuypa7uo.png\" title=\"FOTO 1 HOME divisorio ufficio tosca e lavagna l\" alt=\"FOTO 1 HOME divisorio ufficio tosca e lavagna l\" loading=\"lazy\" \/>\t\t\t\t\t\t\t\t\t\t\t\t\t\t\t<\/div>\n\t\t\t\t<\/div>\n\t\t\t\t\t<\/div>\n\t\t\t\t<\/div>\n\t\t<div class=\"elementor-element elementor-element-fea6de0 e-flex e-con-boxed e-con e-parent\" data-id=\"fea6de0\" data-element_type=\"container\" data-e-type=\"container\" data-settings=\"{&quot;background_background&quot;:&quot;classic&quot;}\">\n\t\t\t\t\t<div class=\"e-con-inner\">\n\t\t<div class=\"elementor-element elementor-element-11cf30c e-con-full e-flex e-con e-child\" data-id=\"11cf30c\" data-element_type=\"container\" data-e-type=\"container\">\n\t\t\t\t<div class=\"elementor-element elementor-element-e8e1c36 elementor-widget elementor-widget-image\" data-id=\"e8e1c36\" data-element_type=\"widget\" data-e-type=\"widget\" data-widget_type=\"image.default\">\n\t\t\t\t\t\t\t\t\t\t\t\t\t\t\t<img decoding=\"async\" src=\"https:\/\/www.paretineperuffici.it\/wp-content\/uploads\/elementor\/thumbs\/foto-2-tetrix-duo-_9831-verde-ro0q4rpen8ojetx1kyse0gt0nt2nm5fjb5ourdxfsw.jpg\" title=\"foto 2 tetrix duo _9831 verde\" alt=\"foto 2 tetrix duo _9831 verde\" loading=\"lazy\" \/>\t\t\t\t\t\t\t\t\t\t\t\t\t\t\t<\/div>\n\t\t\t\t<\/div>\n\t\t<div class=\"elementor-element elementor-element-d2a6667 e-con-full e-flex e-con e-child\" data-id=\"d2a6667\" data-element_type=\"container\" data-e-type=\"container\">\n\t\t\t\t<div class=\"elementor-element elementor-element-1b179c6 elementor-widget elementor-widget-heading\" data-id=\"1b179c6\" data-element_type=\"widget\" data-e-type=\"widget\" data-widget_type=\"heading.default\">\n\t\t\t\t\t<h2 class=\"elementor-heading-title elementor-size-default\">Produciamo ogni paretina nel nostro stabilimento, e la personalizziamo per te\n<\/h2>\t\t\t\t<\/div>\n\t\t\t\t<div class=\"elementor-element elementor-element-386817e elementor-widget-divider--view-line elementor-widget elementor-widget-divider\" data-id=\"386817e\" data-element_type=\"widget\" data-e-type=\"widget\" data-widget_type=\"divider.default\">\n\t\t\t\t\t\t\t<div class=\"elementor-divider\">\n\t\t\t<span class=\"elementor-divider-separator\">\n\t\t\t\t\t\t<\/span>\n\t\t<\/div>\n\t\t\t\t\t\t<\/div>\n\t\t\t\t<div class=\"elementor-element elementor-element-4f692cd elementor-widget elementor-widget-text-editor\" data-id=\"4f692cd\" data-element_type=\"widget\" data-e-type=\"widget\" data-widget_type=\"text-editor.default\">\n\t\t\t\t\t\t\t\t\t<p><span style=\"font-weight: 400;\">In <\/span><b>Studio T<\/b><span style=\"font-weight: 400;\"> partiamo dalla tua esigenza: le misure non sono standard, i materiali si scelgono in base all&#8217;utilizzo, le finiture corrispondono all&#8217;ambiente. Questa flessibilit\u00e0 esiste perch\u00e9 la produzione \u00e8 interna: nessun intermediario, nessun compromesso.<\/span><\/p>\t\t\t\t\t\t\t\t<\/div>\n\t\t\t\t<\/div>\n\t\t\t\t\t<\/div>\n\t\t\t\t<\/div>\n\t\t<div class=\"elementor-element elementor-element-ab795b4 e-flex e-con-boxed e-con e-parent\" data-id=\"ab795b4\" data-element_type=\"container\" data-e-type=\"container\">\n\t\t\t\t\t<div class=\"e-con-inner\">\n\t\t<div class=\"elementor-element elementor-element-07ca92a e-con-full e-flex e-con e-child\" data-id=\"07ca92a\" data-element_type=\"container\" data-e-type=\"container\">\n\t\t\t\t<div class=\"elementor-element elementor-element-ab6cd00 elementor-widget elementor-widget-heading\" data-id=\"ab6cd00\" data-element_type=\"widget\" data-e-type=\"widget\" data-widget_type=\"heading.default\">\n\t\t\t\t\t<h2 class=\"elementor-heading-title elementor-size-default\">In quasi 50 anni di attivit\u00e0 abbiamo progettato pareti divisorie per:\n<\/h2>\t\t\t\t<\/div>\n\t\t\t\t<div class=\"elementor-element elementor-element-13df937 elementor-widget-divider--view-line elementor-widget elementor-widget-divider\" data-id=\"13df937\" data-element_type=\"widget\" data-e-type=\"widget\" data-widget_type=\"divider.default\">\n\t\t\t\t\t\t\t<div class=\"elementor-divider\">\n\t\t\t<span class=\"elementor-divider-separator\">\n\t\t\t\t\t\t<\/span>\n\t\t<\/div>\n\t\t\t\t\t\t<\/div>\n\t\t<div class=\"elementor-element elementor-element-e916d03 e-con-full e-flex e-con e-child\" data-id=\"e916d03\" data-element_type=\"container\" data-e-type=\"container\" data-settings=\"{&quot;background_background&quot;:&quot;classic&quot;}\">\n\t\t<div class=\"elementor-element elementor-element-969a28c e-con-full e-flex e-con e-child\" data-id=\"969a28c\" data-element_type=\"container\" data-e-type=\"container\" data-settings=\"{&quot;background_background&quot;:&quot;classic&quot;}\">\n\t\t\t\t<div class=\"elementor-element elementor-element-37bdb51 elementor-widget elementor-widget-image\" data-id=\"37bdb51\" data-element_type=\"widget\" data-e-type=\"widget\" data-widget_type=\"image.default\">\n\t\t\t\t\t\t\t\t\t\t\t\t\t\t\t<img decoding=\"async\" src=\"https:\/\/www.paretineperuffici.it\/wp-content\/uploads\/elementor\/thumbs\/ufficio-open-space-con-tosca-lavagna-e-floroll-copia-rn5h85m1gzvc2pibd2ymon9j8fq7oeok7j33sintj4.jpg\" title=\"Perspective view on light wooden wall in spacious coworking office with black furniture, city view from windows, high ceiling and glossy floor. 3D rendering\" alt=\"Perspective view on light wooden wall in spacious coworking office with black furniture, city view from windows, high ceiling and glossy floor. 3D rendering\" loading=\"lazy\" \/>\t\t\t\t\t\t\t\t\t\t\t\t\t\t\t<\/div>\n\t\t\t\t<div class=\"elementor-element elementor-element-6b029d8 elementor-widget elementor-widget-heading\" data-id=\"6b029d8\" data-element_type=\"widget\" data-e-type=\"widget\" data-widget_type=\"heading.default\">\n\t\t\t\t\t<h2 class=\"elementor-heading-title elementor-size-default\">Uffici<\/h2>\t\t\t\t<\/div>\n\t\t\t\t<\/div>\n\t\t<div class=\"elementor-element elementor-element-a9ef073 e-con-full e-flex e-con e-child\" data-id=\"a9ef073\" data-element_type=\"container\" data-e-type=\"container\" data-settings=\"{&quot;background_background&quot;:&quot;classic&quot;}\">\n\t\t\t\t<div class=\"elementor-element elementor-element-cc8aa16 elementor-widget elementor-widget-image\" data-id=\"cc8aa16\" data-element_type=\"widget\" data-e-type=\"widget\" data-widget_type=\"image.default\">\n\t\t\t\t\t\t\t\t\t\t\t\t\t\t\t<img decoding=\"async\" src=\"https:\/\/www.paretineperuffici.it\/wp-content\/uploads\/elementor\/thumbs\/ChatGPT-Image-26-mag-2026-09_02_40-ro0jxw725fkyjdnn0mkyspidyrlihsmrc1069gdz5s.png\" title=\"ChatGPT Image 26 mag 2026, 09_02_40\" alt=\"ChatGPT Image 26 mag 2026, 09_02_40\" loading=\"lazy\" \/>\t\t\t\t\t\t\t\t\t\t\t\t\t\t\t<\/div>\n\t\t\t\t<div class=\"elementor-element elementor-element-18f599c elementor-widget elementor-widget-heading\" data-id=\"18f599c\" data-element_type=\"widget\" data-e-type=\"widget\" data-widget_type=\"heading.default\">\n\t\t\t\t\t<h2 class=\"elementor-heading-title elementor-size-default\">Banche e assicurazioni\n<\/h2>\t\t\t\t<\/div>\n\t\t\t\t<\/div>\n\t\t<div class=\"elementor-element elementor-element-43f3abc e-con-full e-flex e-con e-child\" data-id=\"43f3abc\" data-element_type=\"container\" data-e-type=\"container\" data-settings=\"{&quot;background_background&quot;:&quot;classic&quot;}\">\n\t\t\t\t<div class=\"elementor-element elementor-element-ebb617f elementor-widget elementor-widget-image\" data-id=\"ebb617f\" data-element_type=\"widget\" data-e-type=\"widget\" data-widget_type=\"image.default\">\n\t\t\t\t\t\t\t\t\t\t\t\t\t\t\t<img decoding=\"async\" src=\"https:\/\/www.paretineperuffici.it\/wp-content\/uploads\/elementor\/thumbs\/ChatGPT-Image-8-mag-2026-13_54_39-rn5kxnmu4wmf0xlatae3bghcjjpxwto4waoqkapvsw.png\" title=\"ChatGPT Image 8 mag 2026, 13_54_39\" alt=\"ChatGPT Image 8 mag 2026, 13_54_39\" loading=\"lazy\" \/>\t\t\t\t\t\t\t\t\t\t\t\t\t\t\t<\/div>\n\t\t\t\t<div class=\"elementor-element elementor-element-9658c69 elementor-widget elementor-widget-heading\" data-id=\"9658c69\" data-element_type=\"widget\" data-e-type=\"widget\" data-widget_type=\"heading.default\">\n\t\t\t\t\t<h2 class=\"elementor-heading-title elementor-size-default\">Gallerie d'arte\n<\/h2>\t\t\t\t<\/div>\n\t\t\t\t<\/div>\n\t\t<div class=\"elementor-element elementor-element-4e44f70 e-con-full e-flex e-con e-child\" data-id=\"4e44f70\" data-element_type=\"container\" data-e-type=\"container\" data-settings=\"{&quot;background_background&quot;:&quot;classic&quot;}\">\n\t\t\t\t<div class=\"elementor-element elementor-element-c8dfc87 elementor-widget elementor-widget-image\" data-id=\"c8dfc87\" data-element_type=\"widget\" data-e-type=\"widget\" data-widget_type=\"image.default\">\n\t\t\t\t\t\t\t\t\t\t\t\t\t\t\t<img decoding=\"async\" src=\"https:\/\/www.paretineperuffici.it\/wp-content\/uploads\/elementor\/thumbs\/ChatGPT-Image-26-mag-2026-16_22_06-ro1325kqe9rbohx424qoj10wrn8yn8z8mlncnbwb40.png\" title=\"ChatGPT Image 26 mag 2026, 16_22_06\" alt=\"ChatGPT Image 26 mag 2026, 16_22_06\" loading=\"lazy\" \/>\t\t\t\t\t\t\t\t\t\t\t\t\t\t\t<\/div>\n\t\t\t\t<div class=\"elementor-element elementor-element-b52bfe3 elementor-widget elementor-widget-heading\" data-id=\"b52bfe3\" data-element_type=\"widget\" data-e-type=\"widget\" data-widget_type=\"heading.default\">\n\t\t\t\t\t<h2 class=\"elementor-heading-title elementor-size-default\">Sanit\u00e0 e Benessere<\/h2>\t\t\t\t<\/div>\n\t\t\t\t<\/div>\n\t\t<div class=\"elementor-element elementor-element-b8955ef e-con-full e-flex e-con e-child\" data-id=\"b8955ef\" data-element_type=\"container\" data-e-type=\"container\" data-settings=\"{&quot;background_background&quot;:&quot;classic&quot;}\">\n\t\t\t\t<div class=\"elementor-element elementor-element-a941b82 elementor-widget elementor-widget-image\" data-id=\"a941b82\" data-element_type=\"widget\" data-e-type=\"widget\" data-widget_type=\"image.default\">\n\t\t\t\t\t\t\t\t\t\t\t\t\t\t\t<img decoding=\"async\" src=\"https:\/\/www.paretineperuffici.it\/wp-content\/uploads\/elementor\/thumbs\/ChatGPT-Image-8-mag-2026-14_14_43-rn5lkkx4tg066kaiy74j4o823uq7n2ogprh1x8q81s.png\" title=\"ChatGPT Image 8 mag 2026, 14_14_43\" alt=\"ChatGPT Image 8 mag 2026, 14_14_43\" loading=\"lazy\" \/>\t\t\t\t\t\t\t\t\t\t\t\t\t\t\t<\/div>\n\t\t\t\t<div class=\"elementor-element elementor-element-3ad2cae elementor-widget elementor-widget-heading\" data-id=\"3ad2cae\" data-element_type=\"widget\" data-e-type=\"widget\" data-widget_type=\"heading.default\">\n\t\t\t\t\t<h2 class=\"elementor-heading-title elementor-size-default\">Istituzioni pubbliche\n<\/h2>\t\t\t\t<\/div>\n\t\t\t\t<\/div>\n\t\t<div class=\"elementor-element elementor-element-72036a0 e-con-full e-flex e-con e-child\" data-id=\"72036a0\" data-element_type=\"container\" data-e-type=\"container\" data-settings=\"{&quot;background_background&quot;:&quot;classic&quot;}\">\n\t\t\t\t<div class=\"elementor-element elementor-element-11876c1 elementor-widget elementor-widget-image\" data-id=\"11876c1\" data-element_type=\"widget\" data-e-type=\"widget\" data-widget_type=\"image.default\">\n\t\t\t\t\t\t\t\t\t\t\t\t\t\t\t<img decoding=\"async\" src=\"https:\/\/www.paretineperuffici.it\/wp-content\/uploads\/elementor\/thumbs\/ChatGPT-Image-26-mag-2026-16_42_39-ro13y8sdpnoq19b3oi365fieu732f9dcpff3gebgow.png\" title=\"ChatGPT Image 26 mag 2026, 16_42_39\" alt=\"ChatGPT Image 26 mag 2026, 16_42_39\" loading=\"lazy\" \/>\t\t\t\t\t\t\t\t\t\t\t\t\t\t\t<\/div>\n\t\t\t\t<div class=\"elementor-element elementor-element-9288ec1 elementor-widget elementor-widget-heading\" data-id=\"9288ec1\" data-element_type=\"widget\" data-e-type=\"widget\" data-widget_type=\"heading.default\">\n\t\t\t\t\t<h2 class=\"elementor-heading-title elementor-size-default\">Industria e logistica<\/h2>\t\t\t\t<\/div>\n\t\t\t\t<\/div>\n\t\t\t\t<\/div>\n\t\t\t\t<\/div>\n\t\t\t\t\t<\/div>\n\t\t\t\t<\/div>\n\t\t<div class=\"elementor-element elementor-element-cfa3722 e-flex e-con-boxed e-con e-parent\" data-id=\"cfa3722\" data-element_type=\"container\" data-e-type=\"container\" data-settings=\"{&quot;background_background&quot;:&quot;classic&quot;}\">\n\t\t\t\t\t<div class=\"e-con-inner\">\n\t\t<div class=\"elementor-element elementor-element-39765b4 e-con-full e-flex e-con e-child\" data-id=\"39765b4\" data-element_type=\"container\" data-e-type=\"container\">\n\t\t\t\t<div class=\"elementor-element elementor-element-bc15769 elementor-widget elementor-widget-heading\" data-id=\"bc15769\" data-element_type=\"widget\" data-e-type=\"widget\" data-widget_type=\"heading.default\">\n\t\t\t\t\t<h2 class=\"elementor-heading-title elementor-size-default\">Ecco cosa dicono i nostri clienti:\n<\/h2>\t\t\t\t<\/div>\n\t\t\t\t<div class=\"elementor-element elementor-element-09549b1 elementor-widget-divider--view-line elementor-widget elementor-widget-divider\" data-id=\"09549b1\" data-element_type=\"widget\" data-e-type=\"widget\" data-widget_type=\"divider.default\">\n\t\t\t\t\t\t\t<div class=\"elementor-divider\">\n\t\t\t<span class=\"elementor-divider-separator\">\n\t\t\t\t\t\t<\/span>\n\t\t<\/div>\n\t\t\t\t\t\t<\/div>\n\t\t<div class=\"elementor-element elementor-element-0fae7bc e-con-full e-flex e-con e-child\" data-id=\"0fae7bc\" data-element_type=\"container\" data-e-type=\"container\">\n\t\t\t\t<div class=\"elementor-element elementor-element-b149668 arrows-relative-to-box_area slider-layout_1 slider-tablet-default slider-mobile-default slide-h-position-center bullets-small-dot-stroke elementor-widget elementor-widget-the7_content_carousel\" data-id=\"b149668\" data-element_type=\"widget\" data-e-type=\"widget\" data-settings=\"{&quot;widget_columns&quot;:3,&quot;widget_columns_tablet&quot;:2,&quot;widget_columns_mobile&quot;:1,&quot;gap_between_posts&quot;:{&quot;unit&quot;:&quot;px&quot;,&quot;size&quot;:30,&quot;sizes&quot;:[]},&quot;gap_between_posts_tablet&quot;:{&quot;unit&quot;:&quot;px&quot;,&quot;size&quot;:&quot;&quot;,&quot;sizes&quot;:[]},&quot;gap_between_posts_mobile&quot;:{&quot;unit&quot;:&quot;px&quot;,&quot;size&quot;:&quot;&quot;,&quot;sizes&quot;:[]}}\" data-widget_type=\"the7_content_carousel.default\">\n\t\t\t\t<div class=\"elementor-widget-container\">\n\t\t\t\t\t<div class=\"disable-arrows-hover-bg owl-carousel text-and-icon-carousel elementor-owl-carousel-call the7-elementor-widget the7_content_carousel-b149668 quick-scale-img\" data-scroll-mode=\"1\" data-auto-height=\"false\" data-speed=\"600\" data-autoplay=\"false\" data-autoplay_speed=\"\"><div  class=\"dt-owl-item-wrap elements-hover\"  ><div class=\"dt-owl-item-inner \"><div   class=\"dt-owl-item-icon\"><svg aria-hidden=\"true\" class=\"open-button e-font-icon-svg e-fas-quote-right\" viewBox=\"0 0 512 512\" xmlns=\"http:\/\/www.w3.org\/2000\/svg\"><path d=\"M464 32H336c-26.5 0-48 21.5-48 48v128c0 26.5 21.5 48 48 48h80v64c0 35.3-28.7 64-64 64h-8c-13.3 0-24 10.7-24 24v48c0 13.3 10.7 24 24 24h8c88.4 0 160-71.6 160-160V80c0-26.5-21.5-48-48-48zm-288 0H48C21.5 32 0 53.5 0 80v128c0 26.5 21.5 48 48 48h80v64c0 35.3-28.7 64-64 64h-8c-13.3 0-24 10.7-24 24v48c0 13.3 10.7 24 24 24h8c88.4 0 160-71.6 160-160V80c0-26.5-21.5-48-48-48z\"><\/path><\/svg><\/div><span  class=\"dt-owl-item-heading\">Personalmente mi sento di consigliare questa azienda di arredo<\/span><div class=\"dt-owl-item-description\">La mia esperienza con Studio T \u00e8 stata semplicemente molto appagante e professionale. Ho acquistato un'armadio per la mia camera da letto. Sono stato seguito con zelo dallo staff interno per quanto riguarda la scelta e il supporto. I tempi di consegna sono stati rispettati e infine il lavoro di montaggio ad opera dello staff dei montatori \u00e8 stato fatto molto bene. Infine ho visitato il loro Show room e sono rimasto sbalordito dall'ampiezza dello spazio e la selezione di arredi ( fascia medio-alta ) che ricopre la struttura.\n<\/div><\/div><\/div><div  class=\"dt-owl-item-wrap elements-hover\"  ><div class=\"dt-owl-item-inner \"><div   class=\"dt-owl-item-icon\"><svg aria-hidden=\"true\" class=\"open-button e-font-icon-svg e-fas-quote-right\" viewBox=\"0 0 512 512\" xmlns=\"http:\/\/www.w3.org\/2000\/svg\"><path d=\"M464 32H336c-26.5 0-48 21.5-48 48v128c0 26.5 21.5 48 48 48h80v64c0 35.3-28.7 64-64 64h-8c-13.3 0-24 10.7-24 24v48c0 13.3 10.7 24 24 24h8c88.4 0 160-71.6 160-160V80c0-26.5-21.5-48-48-48zm-288 0H48C21.5 32 0 53.5 0 80v128c0 26.5 21.5 48 48 48h80v64c0 35.3-28.7 64-64 64h-8c-13.3 0-24 10.7-24 24v48c0 13.3 10.7 24 24 24h8c88.4 0 160-71.6 160-160V80c0-26.5-21.5-48-48-48z\"><\/path><\/svg><\/div><span  class=\"dt-owl-item-heading\">StudioT, una ditta con i fiocchi!! <\/span><div class=\"dt-owl-item-description\">cordialit\u00e0, professionalit\u00e0, e perfezione! Tutto questo merita 5 Stelle+. La nostra azienda si trova in Svizzera a Lugano e abbiamo allestito dei nostri locali con i prodotti di StudioT. Come impresario-costruttore pretendo sempre il massimo dai mie fornitori e devo dire che StudioT ha superato le aspettative sia nei prodotti che ci hanno fornito e nel servizio che ci hanno prestato. Un grande complimento a Sonia e tutto lo Staff di StudioT.<\/div><\/div><\/div><div  class=\"dt-owl-item-wrap elements-hover\"  ><div class=\"dt-owl-item-inner \"><div   class=\"dt-owl-item-icon\"><svg aria-hidden=\"true\" class=\"open-button e-font-icon-svg e-fas-quote-right\" viewBox=\"0 0 512 512\" xmlns=\"http:\/\/www.w3.org\/2000\/svg\"><path d=\"M464 32H336c-26.5 0-48 21.5-48 48v128c0 26.5 21.5 48 48 48h80v64c0 35.3-28.7 64-64 64h-8c-13.3 0-24 10.7-24 24v48c0 13.3 10.7 24 24 24h8c88.4 0 160-71.6 160-160V80c0-26.5-21.5-48-48-48zm-288 0H48C21.5 32 0 53.5 0 80v128c0 26.5 21.5 48 48 48h80v64c0 35.3-28.7 64-64 64h-8c-13.3 0-24 10.7-24 24v48c0 13.3 10.7 24 24 24h8c88.4 0 160-71.6 160-160V80c0-26.5-21.5-48-48-48z\"><\/path><\/svg><\/div><span  class=\"dt-owl-item-heading\">Studio T \u00e8 un punto di riferimento nei campi dell'arredamento e del benessere negli ambienti lavoro.<\/span><div class=\"dt-owl-item-description\">Offre alle aziende e ai progettisti una vastissima scelta e una personalizzazione a 360\u00b0 che non ho trovato altrove. La ricerca e l'innovazione nel settore sono il loro punto di forza. Consiglio vivamente di visitare il loro showroom per testare con mano, ma anche con tutti gli altri sensi, ci\u00f2 di cui parlo.\n<\/div><\/div><\/div><div  class=\"dt-owl-item-wrap elements-hover\"  ><div class=\"dt-owl-item-inner \"><div   class=\"dt-owl-item-icon\"><svg aria-hidden=\"true\" class=\"open-button e-font-icon-svg e-fas-quote-right\" viewBox=\"0 0 512 512\" xmlns=\"http:\/\/www.w3.org\/2000\/svg\"><path d=\"M464 32H336c-26.5 0-48 21.5-48 48v128c0 26.5 21.5 48 48 48h80v64c0 35.3-28.7 64-64 64h-8c-13.3 0-24 10.7-24 24v48c0 13.3 10.7 24 24 24h8c88.4 0 160-71.6 160-160V80c0-26.5-21.5-48-48-48zm-288 0H48C21.5 32 0 53.5 0 80v128c0 26.5 21.5 48 48 48h80v64c0 35.3-28.7 64-64 64h-8c-13.3 0-24 10.7-24 24v48c0 13.3 10.7 24 24 24h8c88.4 0 160-71.6 160-160V80c0-26.5-21.5-48-48-48z\"><\/path><\/svg><\/div><span  class=\"dt-owl-item-heading\">Assistenza \u00e8 stata rapida e efficace<\/span><div class=\"dt-owl-item-description\">Avevo delle domande prima di fare l'acquisto, l'assistenza \u00e8 stata rapida e efficace, spedizione nei tempi stabiliti, mi sono trovata molto bene. <\/div><\/div><\/div><\/div><div class=\"owl-nav disabled\"><div class=\"owl-prev\" role=\"button\" tabindex=\"0\" aria-label=\"Prev slide\"><svg class=\"e-font-icon-svg e-fas-chevron-left\" viewBox=\"0 0 320 512\" xmlns=\"http:\/\/www.w3.org\/2000\/svg\"><path d=\"M34.52 239.03L228.87 44.69c9.37-9.37 24.57-9.37 33.94 0l22.67 22.67c9.36 9.36 9.37 24.52.04 33.9L131.49 256l154.02 154.75c9.34 9.38 9.32 24.54-.04 33.9l-22.67 22.67c-9.37 9.37-24.57 9.37-33.94 0L34.52 272.97c-9.37-9.37-9.37-24.57 0-33.94z\"><\/path><\/svg><\/div><div class=\"owl-next\" role=\"button\" tabindex=\"0\" aria-label=\"Next slide\"><svg class=\"e-font-icon-svg e-fas-chevron-right\" viewBox=\"0 0 320 512\" xmlns=\"http:\/\/www.w3.org\/2000\/svg\"><path d=\"M285.476 272.971L91.132 467.314c-9.373 9.373-24.569 9.373-33.941 0l-22.667-22.667c-9.357-9.357-9.375-24.522-.04-33.901L188.505 256 34.484 101.255c-9.335-9.379-9.317-24.544.04-33.901l22.667-22.667c9.373-9.373 24.569-9.373 33.941 0L285.475 239.03c9.373 9.372 9.373 24.568.001 33.941z\"><\/path><\/svg><\/div><\/div>\t\t\t\t<\/div>\n\t\t\t\t<\/div>\n\t\t\t\t<\/div>\n\t\t\t\t<\/div>\n\t\t\t\t\t<\/div>\n\t\t\t\t<\/div>\n\t\t<div class=\"elementor-element elementor-element-0209944 e-flex e-con-boxed e-con e-parent\" data-id=\"0209944\" data-element_type=\"container\" data-e-type=\"container\" data-settings=\"{&quot;background_background&quot;:&quot;classic&quot;}\">\n\t\t\t\t\t<div class=\"e-con-inner\">\n\t\t<div class=\"elementor-element elementor-element-6cba621 e-con-full e-flex e-con e-child\" data-id=\"6cba621\" data-element_type=\"container\" data-e-type=\"container\" data-settings=\"{&quot;background_background&quot;:&quot;classic&quot;}\">\n\t\t\t\t<div class=\"elementor-element elementor-element-5c12346 elementor-widget elementor-widget-heading\" data-id=\"5c12346\" data-element_type=\"widget\" data-e-type=\"widget\" data-widget_type=\"heading.default\">\n\t\t\t\t\t<h2 class=\"elementor-heading-title elementor-size-default\">Perch\u00e9 scegliere Studio T:\n<\/h2>\t\t\t\t<\/div>\n\t\t\t\t<\/div>\n\t\t<div class=\"elementor-element elementor-element-55d95da e-con-full e-flex e-con e-child\" data-id=\"55d95da\" data-element_type=\"container\" data-e-type=\"container\" data-settings=\"{&quot;background_background&quot;:&quot;classic&quot;}\">\n\t\t\t\t<div class=\"elementor-element elementor-element-706615f elementor-widget elementor-widget-heading\" data-id=\"706615f\" data-element_type=\"widget\" data-e-type=\"widget\" data-widget_type=\"heading.default\">\n\t\t\t\t\t<h2 class=\"elementor-heading-title elementor-size-default\">Produzione interna <\/h2>\t\t\t\t<\/div>\n\t\t\t\t<div class=\"elementor-element elementor-element-d6c4d0c elementor-widget elementor-widget-text-editor\" data-id=\"d6c4d0c\" data-element_type=\"widget\" data-e-type=\"widget\" data-widget_type=\"text-editor.default\">\n\t\t\t\t\t\t\t\t\t<p><span style=\"font-weight: 400;\">Ogni parete \u00e8 progettata e realizzata nel nostro stabilimento di Godo di Russi. Non \u00e8 il tuo spazio a doversi adattare alla paretina. <\/span><\/p>\t\t\t\t\t\t\t\t<\/div>\n\t\t\t\t<\/div>\n\t\t<div class=\"elementor-element elementor-element-fa1d5e9 e-con-full e-flex e-con e-child\" data-id=\"fa1d5e9\" data-element_type=\"container\" data-e-type=\"container\" data-settings=\"{&quot;background_background&quot;:&quot;classic&quot;}\">\n\t\t\t\t<div class=\"elementor-element elementor-element-f08345d elementor-widget elementor-widget-heading\" data-id=\"f08345d\" data-element_type=\"widget\" data-e-type=\"widget\" data-widget_type=\"heading.default\">\n\t\t\t\t\t<h2 class=\"elementor-heading-title elementor-size-default\">Personalizzazione totale <\/h2>\t\t\t\t<\/div>\n\t\t\t\t<div class=\"elementor-element elementor-element-f85af9e elementor-widget elementor-widget-text-editor\" data-id=\"f85af9e\" data-element_type=\"widget\" data-e-type=\"widget\" data-widget_type=\"text-editor.default\">\n\t\t\t\t\t\t\t\t\t<p><span style=\"font-weight: 400;\">Misure, materiali, finiture, accessori: possiamo creare una soluzione su misura anche se il tuo spazio ha proporzioni non convenzionali.\u00a0<\/span><\/p>\t\t\t\t\t\t\t\t<\/div>\n\t\t\t\t<\/div>\n\t\t<div class=\"elementor-element elementor-element-a501438 e-con-full e-flex e-con e-child\" data-id=\"a501438\" data-element_type=\"container\" data-e-type=\"container\" data-settings=\"{&quot;background_background&quot;:&quot;classic&quot;}\">\n\t\t\t\t<div class=\"elementor-element elementor-element-cd29e7e elementor-widget elementor-widget-heading\" data-id=\"cd29e7e\" data-element_type=\"widget\" data-e-type=\"widget\" data-widget_type=\"heading.default\">\n\t\t\t\t\t<h2 class=\"elementor-heading-title elementor-size-default\">Consulenza tecnica, non solo fornitura\n<\/h2>\t\t\t\t<\/div>\n\t\t\t\t<div class=\"elementor-element elementor-element-dba84f6 elementor-widget elementor-widget-text-editor\" data-id=\"dba84f6\" data-element_type=\"widget\" data-e-type=\"widget\" data-widget_type=\"text-editor.default\">\n\t\t\t\t\t\t\t\t\t<p><span style=\"font-weight: 400;\">Ti seguiamo dalla scelta alla configurazione: consulenza in presenza o da remoto, confronto telefonico e videochiamata per mostrarti soluzioni, materiali e dettagli. Risposte chiare, tempi rapidi e supporto concreto in ogni fase.<\/span><\/p>\t\t\t\t\t\t\t\t<\/div>\n\t\t\t\t<\/div>\n\t\t<div class=\"elementor-element elementor-element-8962ee0 e-con-full e-flex e-con e-child\" data-id=\"8962ee0\" data-element_type=\"container\" data-e-type=\"container\" data-settings=\"{&quot;background_background&quot;:&quot;classic&quot;}\">\n\t\t\t\t<div class=\"elementor-element elementor-element-1137679 elementor-widget elementor-widget-heading\" data-id=\"1137679\" data-element_type=\"widget\" data-e-type=\"widget\" data-widget_type=\"heading.default\">\n\t\t\t\t\t<h2 class=\"elementor-heading-title elementor-size-default\">Quasi 50 anni di esperienza <\/h2>\t\t\t\t<\/div>\n\t\t\t\t<div class=\"elementor-element elementor-element-9de3c60 elementor-widget elementor-widget-text-editor\" data-id=\"9de3c60\" data-element_type=\"widget\" data-e-type=\"widget\" data-widget_type=\"text-editor.default\">\n\t\t\t\t\t\t\t\t\t<p><span style=\"font-weight: 400;\">Dal 1977. Mezzo secolo di progetti documentati, punteggio 4,9 su 5 su <\/span><b>Recensioni Verificate<\/b><span style=\"font-weight: 400;\">.<\/span><\/p>\t\t\t\t\t\t\t\t<\/div>\n\t\t\t\t<\/div>\n\t\t\t\t\t<\/div>\n\t\t\t\t<\/div>\n\t\t<div class=\"elementor-element elementor-element-8a0421c e-flex e-con-boxed e-con e-parent\" data-id=\"8a0421c\" data-element_type=\"container\" data-e-type=\"container\">\n\t\t\t\t\t<div class=\"e-con-inner\">\n\t\t<div class=\"elementor-element elementor-element-ac4c041 e-con-full e-flex e-con e-child\" data-id=\"ac4c041\" data-element_type=\"container\" data-e-type=\"container\">\n\t\t\t\t<div class=\"elementor-element elementor-element-6355848 elementor-widget elementor-widget-heading\" data-id=\"6355848\" data-element_type=\"widget\" data-e-type=\"widget\" data-widget_type=\"heading.default\">\n\t\t\t\t\t<h2 class=\"elementor-heading-title elementor-size-default\">Metodo <span style=\"color:#9EB63A\">Flexy Space:<\/span> spazi a servizio di chi li usa, non il contrario\n<\/h2>\t\t\t\t<\/div>\n\t\t\t\t<div class=\"elementor-element elementor-element-c157b61 elementor-widget-divider--view-line elementor-widget elementor-widget-divider\" data-id=\"c157b61\" data-element_type=\"widget\" data-e-type=\"widget\" data-widget_type=\"divider.default\">\n\t\t\t\t\t\t\t<div class=\"elementor-divider\">\n\t\t\t<span class=\"elementor-divider-separator\">\n\t\t\t\t\t\t<\/span>\n\t\t<\/div>\n\t\t\t\t\t\t<\/div>\n\t\t\t\t<div class=\"elementor-element elementor-element-4a1ddfd elementor-widget elementor-widget-text-editor\" data-id=\"4a1ddfd\" data-element_type=\"widget\" data-e-type=\"widget\" data-widget_type=\"text-editor.default\">\n\t\t\t\t\t\t\t\t\t<p><span style=\"font-weight: 400;\">La maggior parte degli spazi di lavoro viene progettata una volta sola e resta uguale per anni, anche quando l&#8217;azienda cresce, i team cambiano, le esigenze si moltiplicano.\u00a0<\/span><\/p><p><span style=\"font-weight: 400;\">Il metodo <\/span><b>Flexy Space <\/b><span style=\"font-weight: 400;\">parte da un principio diverso: lo spazio deve potersi riconfigurare in pochi secondi, senza attrezzi e senza impatto sull&#8217;operativit\u00e0. Non devono essere le persone ad adattarsi all&#8217;ambiente, ma \u00e8 l&#8217;ambiente che si costruisce intorno alle persone.<\/span><\/p>\t\t\t\t\t\t\t\t<\/div>\n\t\t\t\t<div class=\"elementor-element elementor-element-b09174d elementor-align-center elementor-widget elementor-widget-button\" data-id=\"b09174d\" data-element_type=\"widget\" data-e-type=\"widget\" data-widget_type=\"button.default\">\n\t\t\t\t\t\t\t\t\t\t<a class=\"elementor-button elementor-button-link elementor-size-sm\" href=\"#form\">\n\t\t\t\t\t\t<span class=\"elementor-button-content-wrapper\">\n\t\t\t\t\t\t<span class=\"elementor-button-icon\">\n\t\t\t\t<svg aria-hidden=\"true\" class=\"e-font-icon-svg e-fas-file-download\" viewBox=\"0 0 384 512\" xmlns=\"http:\/\/www.w3.org\/2000\/svg\"><path d=\"M224 136V0H24C10.7 0 0 10.7 0 24v464c0 13.3 10.7 24 24 24h336c13.3 0 24-10.7 24-24V160H248c-13.2 0-24-10.8-24-24zm76.45 211.36l-96.42 95.7c-6.65 6.61-17.39 6.61-24.04 0l-96.42-95.7C73.42 337.29 80.54 320 94.82 320H160v-80c0-8.84 7.16-16 16-16h32c8.84 0 16 7.16 16 16v80h65.18c14.28 0 21.4 17.29 11.27 27.36zM377 105L279.1 7c-4.5-4.5-10.6-7-17-7H256v128h128v-6.1c0-6.3-2.5-12.4-7-16.9z\"><\/path><\/svg>\t\t\t<\/span>\n\t\t\t\t\t\t\t\t\t<span class=\"elementor-button-text\">Scarica il catalogo <\/span>\n\t\t\t\t\t<\/span>\n\t\t\t\t\t<\/a>\n\t\t\t\t\t\t\t\t<\/div>\n\t\t\t\t<\/div>\n\t\t<div class=\"elementor-element elementor-element-9eade42 e-con-full e-flex e-con e-child\" data-id=\"9eade42\" data-element_type=\"container\" data-e-type=\"container\">\n\t\t\t\t<div class=\"elementor-element elementor-element-c9dfb83 elementor-widget elementor-widget-image\" data-id=\"c9dfb83\" data-element_type=\"widget\" data-e-type=\"widget\" data-widget_type=\"image.default\">\n\t\t\t\t\t\t\t\t\t\t\t\t\t\t\t<img decoding=\"async\" src=\"https:\/\/www.paretineperuffici.it\/wp-content\/uploads\/elementor\/thumbs\/tetrix-parete-divisoria-su-ruote-doppia-con-cerniera-2-rn5gwqukie91542yznenx0x3n1yt8oduz1zx2lkv28.jpg\" title=\"tetrix parete divisoria su ruote doppia con cerniera 2\" alt=\"tetrix parete divisoria su ruote doppia con cerniera 2\" loading=\"lazy\" \/>\t\t\t\t\t\t\t\t\t\t\t\t\t\t\t<\/div>\n\t\t\t\t<\/div>\n\t\t\t\t\t<\/div>\n\t\t\t\t<\/div>\n\t\t<div class=\"elementor-element elementor-element-18a57c8 e-flex e-con-boxed e-con e-parent\" data-id=\"18a57c8\" data-element_type=\"container\" data-e-type=\"container\" data-settings=\"{&quot;background_background&quot;:&quot;classic&quot;}\">\n\t\t\t\t\t<div class=\"e-con-inner\">\n\t\t<div class=\"elementor-element elementor-element-2c44e7e e-con-full e-flex e-con e-child\" data-id=\"2c44e7e\" data-element_type=\"container\" data-e-type=\"container\">\n\t\t\t\t<div class=\"elementor-element elementor-element-6d5378b elementor-widget elementor-widget-heading\" data-id=\"6d5378b\" data-element_type=\"widget\" data-e-type=\"widget\" data-widget_type=\"heading.default\">\n\t\t\t\t\t<h2 class=\"elementor-heading-title elementor-size-default\">Abbiamo la paretina giusta per dividere, eliminare il rumore o allestire la tua prossima esposizione \n<\/h2>\t\t\t\t<\/div>\n\t\t<div class=\"elementor-element elementor-element-0e2258d e-con-full e-flex e-con e-child\" data-id=\"0e2258d\" data-element_type=\"container\" data-e-type=\"container\">\n\t\t<div class=\"elementor-element elementor-element-53fcbb6 e-con-full e-flex e-con e-child\" data-id=\"53fcbb6\" data-element_type=\"container\" data-e-type=\"container\">\n\t\t\t\t<div class=\"elementor-element elementor-element-f8f7345 elementor-widget elementor-widget-image\" data-id=\"f8f7345\" data-element_type=\"widget\" data-e-type=\"widget\" data-widget_type=\"image.default\">\n\t\t\t\t\t\t\t\t\t\t\t\t\t\t\t\t<a href=\"https:\/\/www.studiot.it\/categoria-prodotto\/pannelli-divisori-e-fonoassorbenza\/pannelli-divisori-autoportanti\/?_gl=1*ihw54l*_up*MQ..*_ga*NzE4MjY0MjE4LjE3ODA2NjAwMDI.*_ga_V02W82HV4V*czE3ODA2NjAwMDEkbzEkZzAkdDE3ODA2NjAwMDEkajYwJGwwJGgw*_ga_5G5NZQ511X*czE3ODA2NjAwMDIkbzEkZzAkdDE3ODA2NjAwMDIkajYwJGwwJGgxMjc2MTg3NjYx\">\n\t\t\t\t\t\t\t<img decoding=\"async\" src=\"https:\/\/www.paretineperuffici.it\/wp-content\/uploads\/elementor\/thumbs\/tetrix-143IMG_0602-rn5gqi754znsoj4ff89g9s3wifdhbcognpldal918o.jpg\" title=\"tetrix 143IMG_0602\" alt=\"tetrix 143IMG_0602\" loading=\"lazy\" \/>\t\t\t\t\t\t\t\t<\/a>\n\t\t\t\t\t\t\t\t\t\t\t\t\t\t\t<\/div>\n\t\t\t\t<div class=\"elementor-element elementor-element-fbaafdb elementor-widget elementor-widget-heading\" data-id=\"fbaafdb\" data-element_type=\"widget\" data-e-type=\"widget\" data-widget_type=\"heading.default\">\n\t\t\t\t\t<h2 class=\"elementor-heading-title elementor-size-default\"><a href=\"https:\/\/www.studiot.it\/categoria-prodotto\/pannelli-divisori-e-fonoassorbenza\/pannelli-divisori-autoportanti\/?_gl=1*ihw54l*_up*MQ..*_ga*NzE4MjY0MjE4LjE3ODA2NjAwMDI.*_ga_V02W82HV4V*czE3ODA2NjAwMDEkbzEkZzAkdDE3ODA2NjAwMDEkajYwJGwwJGgw*_ga_5G5NZQ511X*czE3ODA2NjAwMDIkbzEkZzAkdDE3ODA2NjAwMDIkajYwJGwwJGgxMjc2MTg3NjYx\">Pareti <br>divisorie <\/a><\/h2>\t\t\t\t<\/div>\n\t\t\t\t<div class=\"elementor-element elementor-element-2b712b4 elementor-widget elementor-widget-text-editor\" data-id=\"2b712b4\" data-element_type=\"widget\" data-e-type=\"widget\" data-widget_type=\"text-editor.default\">\n\t\t\t\t\t\t\t\t\t<p><span style=\"font-weight: 400;\">In alluminio, policarbonato, vetro o legno, seguendo le tue esigenze: su ruote, cielo-terra, da scrivania, trasparenti, con lavagna o con fioriera integrata. <\/span><\/p>\t\t\t\t\t\t\t\t<\/div>\n\t\t\t\t<\/div>\n\t\t<div class=\"elementor-element elementor-element-d4c9c57 e-con-full e-flex e-con e-child\" data-id=\"d4c9c57\" data-element_type=\"container\" data-e-type=\"container\">\n\t\t\t\t<div class=\"elementor-element elementor-element-36690a4 elementor-widget elementor-widget-image\" data-id=\"36690a4\" data-element_type=\"widget\" data-e-type=\"widget\" data-widget_type=\"image.default\">\n\t\t\t\t\t\t\t\t\t\t\t\t\t\t\t\t<a href=\"https:\/\/www.studiot.it\/categoria-prodotto\/pannelli-divisori-e-fonoassorbenza\/pareti-divisorie-fonoassorbenti\/\">\n\t\t\t\t\t\t\t<img decoding=\"async\" src=\"https:\/\/www.paretineperuffici.it\/wp-content\/uploads\/elementor\/thumbs\/Twist-TOSCA-MagneticaR-rn5h5iocaq7o4bbcr7vxlhpy2zdj9ba4e0pk8oznuw.jpg\" title=\"Twist TOSCA MagneticaR\" alt=\"Twist TOSCA MagneticaR\" loading=\"lazy\" \/>\t\t\t\t\t\t\t\t<\/a>\n\t\t\t\t\t\t\t\t\t\t\t\t\t\t\t<\/div>\n\t\t\t\t<div class=\"elementor-element elementor-element-dd002a7 elementor-widget elementor-widget-heading\" data-id=\"dd002a7\" data-element_type=\"widget\" data-e-type=\"widget\" data-widget_type=\"heading.default\">\n\t\t\t\t\t<h2 class=\"elementor-heading-title elementor-size-default\"><a href=\"https:\/\/www.studiot.it\/categoria-prodotto\/pannelli-divisori-e-fonoassorbenza\/pareti-divisorie-fonoassorbenti\/\">Pareti divisorie fonoassorbenti <\/a><\/h2>\t\t\t\t<\/div>\n\t\t\t\t<div class=\"elementor-element elementor-element-34d903b elementor-widget elementor-widget-text-editor\" data-id=\"34d903b\" data-element_type=\"widget\" data-e-type=\"widget\" data-widget_type=\"text-editor.default\">\n\t\t\t\t\t\t\t\t\t<p><span style=\"font-weight: 400;\">Per separare i flussi e ridurre il rumore allo stesso tempo. Dove dividere non basta, perch\u00e9 il suono continua a passare.\u00a0 <\/span><\/p>\t\t\t\t\t\t\t\t<\/div>\n\t\t\t\t<\/div>\n\t\t<div class=\"elementor-element elementor-element-9cd34da e-con-full e-flex e-con e-child\" data-id=\"9cd34da\" data-element_type=\"container\" data-e-type=\"container\">\n\t\t\t\t<div class=\"elementor-element elementor-element-688dd11 elementor-widget elementor-widget-image\" data-id=\"688dd11\" data-element_type=\"widget\" data-e-type=\"widget\" data-widget_type=\"image.default\">\n\t\t\t\t\t\t\t\t\t\t\t\t\t\t\t\t<a href=\"https:\/\/www.studiot.it\/categoria-prodotto\/pannelli-divisori-e-fonoassorbenza\/pannelli-allestimento-mostre\/\">\n\t\t\t\t\t\t\t<img decoding=\"async\" src=\"https:\/\/www.paretineperuffici.it\/wp-content\/uploads\/elementor\/thumbs\/ChatGPT-Image-8-mag-2026-15_25_11-rn5onc8i4nksundv6umkcejcutgmtgga5id9m4x9qg.png\" title=\"ChatGPT Image 8 mag 2026, 15_25_11\" alt=\"ChatGPT Image 8 mag 2026, 15_25_11\" loading=\"lazy\" \/>\t\t\t\t\t\t\t\t<\/a>\n\t\t\t\t\t\t\t\t\t\t\t\t\t\t\t<\/div>\n\t\t\t\t<div class=\"elementor-element elementor-element-544f794 elementor-widget elementor-widget-heading\" data-id=\"544f794\" data-element_type=\"widget\" data-e-type=\"widget\" data-widget_type=\"heading.default\">\n\t\t\t\t\t<h2 class=\"elementor-heading-title elementor-size-default\"><a href=\"https:\/\/www.studiot.it\/categoria-prodotto\/pannelli-divisori-e-fonoassorbenza\/pannelli-allestimento-mostre\/\">Sistemi per mostre e gallerie <\/a><\/h2>\t\t\t\t<\/div>\n\t\t\t\t<div class=\"elementor-element elementor-element-285b142 elementor-widget elementor-widget-text-editor\" data-id=\"285b142\" data-element_type=\"widget\" data-e-type=\"widget\" data-widget_type=\"text-editor.default\">\n\t\t\t\t\t\t\t\t\t<p><span style=\"font-weight: 400;\">Per allestire senza forare le pareti. Sistemi autoportanti rimontabili, pensati per gallerie d&#8217;arte, musei e spazi espositivi che cambiano configurazione nel tempo.\u00a0 <\/span><\/p>\t\t\t\t\t\t\t\t<\/div>\n\t\t\t\t<\/div>\n\t\t\t\t<\/div>\n\t\t\t\t<div class=\"elementor-element elementor-element-ceb99a5 elementor-align-center elementor-widget elementor-widget-button\" data-id=\"ceb99a5\" data-element_type=\"widget\" data-e-type=\"widget\" data-widget_type=\"button.default\">\n\t\t\t\t\t\t\t\t\t\t<a class=\"elementor-button elementor-button-link elementor-size-sm\" href=\"https:\/\/www.studiot.it\/categoria-prodotto\/pannelli-divisori-e-fonoassorbenza\">\n\t\t\t\t\t\t<span class=\"elementor-button-content-wrapper\">\n\t\t\t\t\t\t<span class=\"elementor-button-icon\">\n\t\t\t\t<svg aria-hidden=\"true\" class=\"e-font-icon-svg e-fas-shopping-cart\" viewBox=\"0 0 576 512\" xmlns=\"http:\/\/www.w3.org\/2000\/svg\"><path d=\"M528.12 301.319l47.273-208C578.806 78.301 567.391 64 551.99 64H159.208l-9.166-44.81C147.758 8.021 137.93 0 126.529 0H24C10.745 0 0 10.745 0 24v16c0 13.255 10.745 24 24 24h69.883l70.248 343.435C147.325 417.1 136 435.222 136 456c0 30.928 25.072 56 56 56s56-25.072 56-56c0-15.674-6.447-29.835-16.824-40h209.647C430.447 426.165 424 440.326 424 456c0 30.928 25.072 56 56 56s56-25.072 56-56c0-22.172-12.888-41.332-31.579-50.405l5.517-24.276c3.413-15.018-8.002-29.319-23.403-29.319H218.117l-6.545-32h293.145c11.206 0 20.92-7.754 23.403-18.681z\"><\/path><\/svg>\t\t\t<\/span>\n\t\t\t\t\t\t\t\t\t<span class=\"elementor-button-text\">Vai allo shop<\/span>\n\t\t\t\t\t<\/span>\n\t\t\t\t\t<\/a>\n\t\t\t\t\t\t\t\t<\/div>\n\t\t\t\t<\/div>\n\t\t\t\t\t<\/div>\n\t\t\t\t<\/div>\n\t\t<div class=\"elementor-element elementor-element-225bfde e-flex e-con-boxed e-con e-parent\" data-id=\"225bfde\" data-element_type=\"container\" data-e-type=\"container\" data-settings=\"{&quot;background_background&quot;:&quot;classic&quot;}\">\n\t\t\t\t\t<div class=\"e-con-inner\">\n\t\t<div class=\"elementor-element elementor-element-82704b9 e-con-full e-flex e-con e-child\" data-id=\"82704b9\" data-element_type=\"container\" data-e-type=\"container\">\n\t\t\t\t<div class=\"elementor-element elementor-element-7045aba elementor-widget elementor-widget-heading\" data-id=\"7045aba\" data-element_type=\"widget\" data-e-type=\"widget\" data-widget_type=\"heading.default\">\n\t\t\t\t\t<h2 class=\"elementor-heading-title elementor-size-default\">Da uffici \u201cricavati\u201d ad ambienti che funzionano: alcuni degli spazi che abbiamo trasformato\n<\/h2>\t\t\t\t<\/div>\n\t\t<div class=\"elementor-element elementor-element-7eb8271 e-con-full e-flex e-con e-child\" data-id=\"7eb8271\" data-element_type=\"container\" data-e-type=\"container\">\n\t\t<div class=\"elementor-element elementor-element-60674ad e-con-full e-flex e-con e-child\" data-id=\"60674ad\" data-element_type=\"container\" data-e-type=\"container\" data-settings=\"{&quot;background_background&quot;:&quot;classic&quot;}\">\n\t\t\t\t<div class=\"elementor-element elementor-element-600d6a8 elementor-widget elementor-widget-spacer\" data-id=\"600d6a8\" data-element_type=\"widget\" data-e-type=\"widget\" data-widget_type=\"spacer.default\">\n\t\t\t\t\t\t\t<div class=\"elementor-spacer\">\n\t\t\t<div class=\"elementor-spacer-inner\"><\/div>\n\t\t<\/div>\n\t\t\t\t\t\t<\/div>\n\t\t\t\t<div class=\"elementor-element elementor-element-5a54746 elementor-widget elementor-widget-heading\" data-id=\"5a54746\" data-element_type=\"widget\" data-e-type=\"widget\" data-widget_type=\"heading.default\">\n\t\t\t\t\t<h2 class=\"elementor-heading-title elementor-size-default\">Pannelli espositive per mostra - Milano Fashion Week\n<\/h2>\t\t\t\t<\/div>\n\t\t\t\t<div class=\"elementor-element elementor-element-1240181 elementor-align-center elementor-widget elementor-widget-button\" data-id=\"1240181\" data-element_type=\"widget\" data-e-type=\"widget\" data-widget_type=\"button.default\">\n\t\t\t\t\t\t\t\t\t\t<a class=\"elementor-button elementor-button-link elementor-size-sm\" href=\"https:\/\/www.studiot.it\/shop\/personalizzabili\/pannelli-espositivi-mostre-musa\/%20\">\n\t\t\t\t\t\t<span class=\"elementor-button-content-wrapper\">\n\t\t\t\t\t\t<span class=\"elementor-button-icon\">\n\t\t\t\t<svg aria-hidden=\"true\" class=\"e-font-icon-svg e-fas-arrow-alt-circle-right\" viewBox=\"0 0 512 512\" xmlns=\"http:\/\/www.w3.org\/2000\/svg\"><path d=\"M256 8c137 0 248 111 248 248S393 504 256 504 8 393 8 256 119 8 256 8zM140 300h116v70.9c0 10.7 13 16.1 20.5 8.5l114.3-114.9c4.7-4.7 4.7-12.2 0-16.9l-114.3-115c-7.6-7.6-20.5-2.2-20.5 8.5V212H140c-6.6 0-12 5.4-12 12v64c0 6.6 5.4 12 12 12z\"><\/path><\/svg>\t\t\t<\/span>\n\t\t\t\t\t\t\t\t\t<span class=\"elementor-button-text\">Scopri di pi\u00f9<\/span>\n\t\t\t\t\t<\/span>\n\t\t\t\t\t<\/a>\n\t\t\t\t\t\t\t\t<\/div>\n\t\t\t\t<\/div>\n\t\t<div class=\"elementor-element elementor-element-d10c9e2 e-con-full e-flex e-con e-child\" data-id=\"d10c9e2\" data-element_type=\"container\" data-e-type=\"container\" data-settings=\"{&quot;background_background&quot;:&quot;classic&quot;}\">\n\t\t\t\t<div class=\"elementor-element elementor-element-1e8cfc8 elementor-widget elementor-widget-spacer\" data-id=\"1e8cfc8\" data-element_type=\"widget\" data-e-type=\"widget\" data-widget_type=\"spacer.default\">\n\t\t\t\t\t\t\t<div class=\"elementor-spacer\">\n\t\t\t<div class=\"elementor-spacer-inner\"><\/div>\n\t\t<\/div>\n\t\t\t\t\t\t<\/div>\n\t\t\t\t<div class=\"elementor-element elementor-element-8b43252 elementor-widget elementor-widget-heading\" data-id=\"8b43252\" data-element_type=\"widget\" data-e-type=\"widget\" data-widget_type=\"heading.default\">\n\t\t\t\t\t<h2 class=\"elementor-heading-title elementor-size-default\">Parete divisoria per sala d\u2019attesa su progetto\n<\/h2>\t\t\t\t<\/div>\n\t\t\t\t<div class=\"elementor-element elementor-element-ce0cc48 elementor-align-center elementor-widget elementor-widget-button\" data-id=\"ce0cc48\" data-element_type=\"widget\" data-e-type=\"widget\" data-widget_type=\"button.default\">\n\t\t\t\t\t\t\t\t\t\t<a class=\"elementor-button elementor-button-link elementor-size-sm\" href=\"https:\/\/www.studiot.it\/shop\/personalizzabili\/divisori-per-sala-dattesa-personalizzati\/\">\n\t\t\t\t\t\t<span class=\"elementor-button-content-wrapper\">\n\t\t\t\t\t\t<span class=\"elementor-button-icon\">\n\t\t\t\t<svg aria-hidden=\"true\" class=\"e-font-icon-svg e-fas-arrow-alt-circle-right\" viewBox=\"0 0 512 512\" xmlns=\"http:\/\/www.w3.org\/2000\/svg\"><path d=\"M256 8c137 0 248 111 248 248S393 504 256 504 8 393 8 256 119 8 256 8zM140 300h116v70.9c0 10.7 13 16.1 20.5 8.5l114.3-114.9c4.7-4.7 4.7-12.2 0-16.9l-114.3-115c-7.6-7.6-20.5-2.2-20.5 8.5V212H140c-6.6 0-12 5.4-12 12v64c0 6.6 5.4 12 12 12z\"><\/path><\/svg>\t\t\t<\/span>\n\t\t\t\t\t\t\t\t\t<span class=\"elementor-button-text\">Scopri di pi\u00f9<\/span>\n\t\t\t\t\t<\/span>\n\t\t\t\t\t<\/a>\n\t\t\t\t\t\t\t\t<\/div>\n\t\t\t\t<\/div>\n\t\t<div class=\"elementor-element elementor-element-bab5f44 e-con-full e-flex e-con e-child\" data-id=\"bab5f44\" data-element_type=\"container\" data-e-type=\"container\" data-settings=\"{&quot;background_background&quot;:&quot;classic&quot;}\">\n\t\t\t\t<div class=\"elementor-element elementor-element-1bda2cb elementor-widget elementor-widget-spacer\" data-id=\"1bda2cb\" data-element_type=\"widget\" data-e-type=\"widget\" data-widget_type=\"spacer.default\">\n\t\t\t\t\t\t\t<div class=\"elementor-spacer\">\n\t\t\t<div class=\"elementor-spacer-inner\"><\/div>\n\t\t<\/div>\n\t\t\t\t\t\t<\/div>\n\t\t\t\t<div class=\"elementor-element elementor-element-42ada7e elementor-widget elementor-widget-heading\" data-id=\"42ada7e\" data-element_type=\"widget\" data-e-type=\"widget\" data-widget_type=\"heading.default\">\n\t\t\t\t\t<h2 class=\"elementor-heading-title elementor-size-default\">Parete divisoria stampata per agenzia viaggi\n<\/h2>\t\t\t\t<\/div>\n\t\t\t\t<div class=\"elementor-element elementor-element-8b0361e elementor-align-center elementor-widget elementor-widget-button\" data-id=\"8b0361e\" data-element_type=\"widget\" data-e-type=\"widget\" data-widget_type=\"button.default\">\n\t\t\t\t\t\t\t\t\t\t<a class=\"elementor-button elementor-button-link elementor-size-sm\" href=\"https:\/\/www.studiot.it\/shop\/personalizzabili\/arredamento-agenzia-viaggio-divisori\/\">\n\t\t\t\t\t\t<span class=\"elementor-button-content-wrapper\">\n\t\t\t\t\t\t<span class=\"elementor-button-icon\">\n\t\t\t\t<svg aria-hidden=\"true\" class=\"e-font-icon-svg e-fas-arrow-alt-circle-right\" viewBox=\"0 0 512 512\" xmlns=\"http:\/\/www.w3.org\/2000\/svg\"><path d=\"M256 8c137 0 248 111 248 248S393 504 256 504 8 393 8 256 119 8 256 8zM140 300h116v70.9c0 10.7 13 16.1 20.5 8.5l114.3-114.9c4.7-4.7 4.7-12.2 0-16.9l-114.3-115c-7.6-7.6-20.5-2.2-20.5 8.5V212H140c-6.6 0-12 5.4-12 12v64c0 6.6 5.4 12 12 12z\"><\/path><\/svg>\t\t\t<\/span>\n\t\t\t\t\t\t\t\t\t<span class=\"elementor-button-text\">Scopri di pi\u00f9<\/span>\n\t\t\t\t\t<\/span>\n\t\t\t\t\t<\/a>\n\t\t\t\t\t\t\t\t<\/div>\n\t\t\t\t<\/div>\n\t\t\t\t<\/div>\n\t\t\t\t<\/div>\n\t\t\t\t\t<\/div>\n\t\t\t\t<\/div>\n\t\t<div class=\"elementor-element elementor-element-e2b2473 e-flex e-con-boxed e-con e-parent\" data-id=\"e2b2473\" data-element_type=\"container\" data-e-type=\"container\" id=\"form\" data-settings=\"{&quot;background_background&quot;:&quot;classic&quot;}\">\n\t\t\t\t\t<div class=\"e-con-inner\">\n\t\t<div class=\"elementor-element elementor-element-357679e e-con-full e-flex e-con e-child\" data-id=\"357679e\" data-element_type=\"container\" data-e-type=\"container\">\n\t\t\t\t<div class=\"elementor-element elementor-element-caabe44 elementor-widget elementor-widget-image\" data-id=\"caabe44\" data-element_type=\"widget\" data-e-type=\"widget\" data-widget_type=\"image.default\">\n\t\t\t\t\t\t\t\t\t\t\t\t\t\t\t<img decoding=\"async\" src=\"https:\/\/www.paretineperuffici.it\/wp-content\/uploads\/elementor\/thumbs\/tetrix-colori-2023-tripla-rn5gqx8k6ca382jfzmsuyztb64nyk69pu8in1w7nls.jpg\" title=\"tetrix colori 2023 tripla\" alt=\"tetrix colori 2023 tripla\" loading=\"lazy\" \/>\t\t\t\t\t\t\t\t\t\t\t\t\t\t\t<\/div>\n\t\t\t\t<div class=\"elementor-element elementor-element-b4d2949 elementor-widget elementor-widget-heading\" data-id=\"b4d2949\" data-element_type=\"widget\" data-e-type=\"widget\" data-widget_type=\"heading.default\">\n\t\t\t\t\t<h2 class=\"elementor-heading-title elementor-size-default\">Vuoi scoprire la nostra selezione di paretine divisorie?\n<\/h2>\t\t\t\t<\/div>\n\t\t\t\t<div class=\"elementor-element elementor-element-fb75f25 elementor-widget elementor-widget-heading\" data-id=\"fb75f25\" data-element_type=\"widget\" data-e-type=\"widget\" data-widget_type=\"heading.default\">\n\t\t\t\t\t<h2 class=\"elementor-heading-title elementor-size-default\">Scarica gratis il catalogo e trova la soluzione personalizzabile perfetta per il tuo spazio di lavoro\n<\/h2>\t\t\t\t<\/div>\n\t\t\t\t<\/div>\n\t\t<div class=\"elementor-element elementor-element-48086fe e-con-full e-flex e-con e-child\" data-id=\"48086fe\" data-element_type=\"container\" data-e-type=\"container\" data-settings=\"{&quot;background_background&quot;:&quot;classic&quot;}\">\n\t\t\t\t<div class=\"elementor-element elementor-element-9d9f28c eael-contact-form-7-button-align-left eael-contact-form-7-button-custom elementor-widget elementor-widget-eael-contact-form-7\" data-id=\"9d9f28c\" data-element_type=\"widget\" data-e-type=\"widget\" data-widget_type=\"eael-contact-form-7.default\">\n\t\t\t\t\t<div class=\"eael-contact-form-7-wrapper\">\n                <div class=\"eael-contact-form eael-contact-form-7 eael-contact-form-9d9f28c placeholder-show eael-contact-form-align-default\">\n<div class=\"wpcf7 no-js\" id=\"wpcf7-f185-o1\" lang=\"it-IT\" dir=\"ltr\" data-wpcf7-id=\"185\">\n<div class=\"screen-reader-response\"><p role=\"status\" aria-live=\"polite\" aria-atomic=\"true\"><\/p> <ul><\/ul><\/div>\n<form action=\"\/index.php\/wp-json\/wp\/v2\/pages\/46#wpcf7-f185-o1\" method=\"post\" class=\"wpcf7-form init\" aria-label=\"Modulo di contatto\" novalidate=\"novalidate\" data-status=\"init\">\n<fieldset class=\"hidden-fields-container\"><input type=\"hidden\" name=\"_wpcf7\" value=\"185\" \/><input type=\"hidden\" name=\"_wpcf7_version\" value=\"6.1.5\" \/><input type=\"hidden\" name=\"_wpcf7_locale\" value=\"it_IT\" \/><input type=\"hidden\" name=\"_wpcf7_unit_tag\" value=\"wpcf7-f185-o1\" \/><input type=\"hidden\" name=\"_wpcf7_container_post\" value=\"0\" \/><input type=\"hidden\" name=\"_wpcf7_posted_data_hash\" value=\"\" \/>\n<\/fieldset>\n<p><label> Nome e Cognome (richiesto)<br \/>\n<span class=\"wpcf7-form-control-wrap\" data-name=\"your-name\"><input size=\"40\" maxlength=\"400\" class=\"wpcf7-form-control wpcf7-text wpcf7-validates-as-required\" autocomplete=\"name\" aria-required=\"true\" aria-invalid=\"false\" value=\"\" type=\"text\" name=\"your-name\" \/><\/span> <\/label>\n<\/p>\n<p><label> La tua Email (richiesto)<br \/>\n<span class=\"wpcf7-form-control-wrap\" data-name=\"your-email\"><input size=\"40\" maxlength=\"400\" class=\"wpcf7-form-control wpcf7-email wpcf7-validates-as-required wpcf7-text wpcf7-validates-as-email\" autocomplete=\"email\" aria-required=\"true\" aria-invalid=\"false\" value=\"\" type=\"email\" name=\"your-email\" \/><\/span> <\/label>\n<\/p>\n<p><label> Il tuo Telefono (richiesto)<br \/>\n<span class=\"wpcf7-form-control-wrap\" data-name=\"your-tel\"><input size=\"40\" maxlength=\"400\" class=\"wpcf7-form-control wpcf7-text wpcf7-validates-as-required\" autocomplete=\"tel\" aria-required=\"true\" aria-invalid=\"false\" value=\"\" type=\"text\" name=\"your-tel\" \/><\/span> <\/label>\n<\/p>\n<p><label> Azienda<br \/>\n<span class=\"wpcf7-form-control-wrap\" data-name=\"your-azienda\"><input size=\"40\" maxlength=\"400\" class=\"wpcf7-form-control wpcf7-text wpcf7-validates-as-required\" aria-required=\"true\" aria-invalid=\"false\" value=\"\" type=\"text\" name=\"your-azienda\" \/><\/span> <\/label>\n<\/p>\n<p><span class=\"wpcf7-form-control-wrap\" data-name=\"acceptance-199\"><span class=\"wpcf7-form-control wpcf7-acceptance\"><span class=\"wpcf7-list-item\"><label><input type=\"checkbox\" name=\"acceptance-199\" value=\"1\" aria-invalid=\"false\" \/><span class=\"wpcf7-list-item-label\">Usando questo form sei d'accordo che questo sito registri i tuoi dati e autorizzi l'invio di email informative pubblicitarie. I tuoi dati sono al sicuro e sono trattati in piena conformit\u00e0 alla Legge sulla Privacy Reg. UE 2016\/679 Potrai cancellarti in qualsiasi momento con un click. <a href=\"https:\/\/www.iubenda.com\/privacy-policy\/67493753\"> Termini di Privacy - Rimozione consensi privacy <\/a><\/span><\/label><\/span><\/span><\/span>\n<\/p>\n<p><input class=\"wpcf7-form-control wpcf7-submit has-spinner\" type=\"submit\" value=\"Richiedi lo Sconto\" \/>\n<\/p><div class=\"wpcf7-response-output\" aria-hidden=\"true\"><\/div>\n<\/form>\n<\/div>\n<\/div>\n            <\/div>\t\t\t\t<\/div>\n\t\t\t\t<\/div>\n\t\t\t\t\t<\/div>\n\t\t\t\t<\/div>\n\t\t<div class=\"elementor-element elementor-element-6842ea2 e-flex e-con-boxed e-con e-parent\" data-id=\"6842ea2\" data-element_type=\"container\" data-e-type=\"container\">\n\t\t\t\t\t<div class=\"e-con-inner\">\n\t\t<div class=\"elementor-element elementor-element-3b31351 e-con-full e-flex e-con e-child\" data-id=\"3b31351\" data-element_type=\"container\" data-e-type=\"container\">\n\t\t\t\t<div class=\"elementor-element elementor-element-f0841b4 elementor-widget elementor-widget-heading\" data-id=\"f0841b4\" data-element_type=\"widget\" data-e-type=\"widget\" data-widget_type=\"heading.default\">\n\t\t\t\t\t<h2 class=\"elementor-heading-title elementor-size-default\">Pronto a trasformare il tuo spazio con le nostre paretine?\n<\/h2>\t\t\t\t<\/div>\n\t\t\t\t<div class=\"elementor-element elementor-element-84b873f elementor-widget elementor-widget-heading\" data-id=\"84b873f\" data-element_type=\"widget\" data-e-type=\"widget\" data-widget_type=\"heading.default\">\n\t\t\t\t\t<h2 class=\"elementor-heading-title elementor-size-default\">Visita il nostro shop online e preparati a trasformare il tuo spazio in pochi, semplici step\n<\/h2>\t\t\t\t<\/div>\n\t\t\t\t<div class=\"elementor-element elementor-element-e671ca4 elementor-align-center elementor-widget elementor-widget-button\" data-id=\"e671ca4\" data-element_type=\"widget\" data-e-type=\"widget\" data-widget_type=\"button.default\">\n\t\t\t\t\t\t\t\t\t\t<a class=\"elementor-button elementor-button-link elementor-size-sm\" href=\"https:\/\/www.studiot.it\/categoria-prodotto\/pannelli-divisori-e-fonoassorbenza\">\n\t\t\t\t\t\t<span class=\"elementor-button-content-wrapper\">\n\t\t\t\t\t\t<span class=\"elementor-button-icon\">\n\t\t\t\t<svg aria-hidden=\"true\" class=\"e-font-icon-svg e-fas-shopping-cart\" viewBox=\"0 0 576 512\" xmlns=\"http:\/\/www.w3.org\/2000\/svg\"><path d=\"M528.12 301.319l47.273-208C578.806 78.301 567.391 64 551.99 64H159.208l-9.166-44.81C147.758 8.021 137.93 0 126.529 0H24C10.745 0 0 10.745 0 24v16c0 13.255 10.745 24 24 24h69.883l70.248 343.435C147.325 417.1 136 435.222 136 456c0 30.928 25.072 56 56 56s56-25.072 56-56c0-15.674-6.447-29.835-16.824-40h209.647C430.447 426.165 424 440.326 424 456c0 30.928 25.072 56 56 56s56-25.072 56-56c0-22.172-12.888-41.332-31.579-50.405l5.517-24.276c3.413-15.018-8.002-29.319-23.403-29.319H218.117l-6.545-32h293.145c11.206 0 20.92-7.754 23.403-18.681z\"><\/path><\/svg>\t\t\t<\/span>\n\t\t\t\t\t\t\t\t\t<span class=\"elementor-button-text\">Vai allo shop<\/span>\n\t\t\t\t\t<\/span>\n\t\t\t\t\t<\/a>\n\t\t\t\t\t\t\t\t<\/div>\n\t\t\t\t<\/div>\n\t\t<div class=\"elementor-element elementor-element-b6a75d6 e-con-full e-flex e-con e-child\" data-id=\"b6a75d6\" data-element_type=\"container\" data-e-type=\"container\">\n\t\t\t\t<div class=\"elementor-element elementor-element-69cee7b elementor-widget elementor-widget-image\" data-id=\"69cee7b\" data-element_type=\"widget\" data-e-type=\"widget\" data-widget_type=\"image.default\">\n\t\t\t\t\t\t\t\t\t\t\t\t\t\t\t<img decoding=\"async\" src=\"https:\/\/www.paretineperuffici.it\/wp-content\/uploads\/elementor\/thumbs\/alternativa-di-foto-3-tetrix-divisori-paretine-colorati-per-ufficio--ro0q16ximxs98943gx4i0vava0pdbm8b5gbc0h8dhc.png\" title=\"alternativa di foto 3 tetrix divisori-paretine colorati per ufficio\" alt=\"alternativa di foto 3 tetrix divisori-paretine colorati per ufficio\" loading=\"lazy\" \/>\t\t\t\t\t\t\t\t\t\t\t\t\t\t\t<\/div>\n\t\t\t\t<\/div>\n\t\t\t\t\t<\/div>\n\t\t\t\t<\/div>\n\t\t\t\t<\/div>\n\t\t","protected":false},"excerpt":{"rendered":"<p>Dividi, trasforma e riorganizza lo spazio in 24 ore Progettiamo e produciamo divisori per ambienti da quasi 50 anni Pareti mobili, fonoassorbenti e sistemi espositivi Made in Italy: si installano senza opere murarie in un giorno e durano per una vita. Spedizione in tutta Italia. Scarica il catalogo Quando lo spazio non aiuta, il lavoro&hellip;<\/p>\n","protected":false},"author":1,"featured_media":0,"parent":0,"menu_order":0,"comment_status":"closed","ping_status":"closed","template":"elementor_header_footer","meta":{"footnotes":""},"class_list":["post-46","page","type-page","status-publish","hentry"],"yoast_head":"<!-- This site is optimized with the Yoast SEO plugin v27.5 - https:\/\/yoast.com\/product\/yoast-seo-wordpress\/ -->\n<title>Pareti divisorie mobili - Studio T<\/title>\n<meta name=\"description\" content=\"Studio T progetta e produce pareti divisorie su misura da quasi 50 anni: mobili, fonoassorbenti, in alluminio, vetro o legno. Personalizzazione totale, spedizione in tutta Italia. Scarica il catalogo gratuito.\" \/>\n<meta name=\"robots\" content=\"index, follow, max-snippet:-1, max-image-preview:large, max-video-preview:-1\" \/>\n<link rel=\"canonical\" href=\"https:\/\/www.paretineperuffici.it\/\" \/>\n<meta property=\"og:locale\" content=\"it_IT\" \/>\n<meta property=\"og:type\" content=\"article\" \/>\n<meta property=\"og:title\" content=\"Pareti divisorie mobili - Studio T\" \/>\n<meta property=\"og:description\" content=\"Studio T progetta e produce pareti divisorie su misura da quasi 50 anni: mobili, fonoassorbenti, in alluminio, vetro o legno. Personalizzazione totale, spedizione in tutta Italia. Scarica il catalogo gratuito.\" \/>\n<meta property=\"og:url\" content=\"https:\/\/www.paretineperuffici.it\/\" \/>\n<meta property=\"og:site_name\" content=\"Pareti divisorie mobili - Studio T\" \/>\n<meta property=\"article:modified_time\" content=\"2026-06-12T07:52:03+00:00\" \/>\n<meta property=\"og:image\" content=\"https:\/\/www.paretineperuffici.it\/wp-content\/uploads\/elementor\/thumbs\/FOTO-1-HOME-divisorio-ufficio-tosca-e-lavagna-l-scaled-ro0q3ut201fi4h8tx2kg373vvbkt4qsximuuypa7uo.png\" \/>\n<meta name=\"twitter:card\" content=\"summary_large_image\" \/>\n<meta name=\"twitter:label1\" content=\"Tempo di lettura stimato\" \/>\n\t<meta name=\"twitter:data1\" content=\"4 minuti\" \/>\n<script type=\"application\/ld+json\" class=\"yoast-schema-graph\">{\"@context\":\"https:\\\/\\\/schema.org\",\"@graph\":[{\"@type\":\"WebPage\",\"@id\":\"https:\\\/\\\/www.paretineperuffici.it\\\/\",\"url\":\"https:\\\/\\\/www.paretineperuffici.it\\\/\",\"name\":\"Pareti divisorie mobili - Studio T\",\"isPartOf\":{\"@id\":\"https:\\\/\\\/www.paretineperuffici.it\\\/#website\"},\"primaryImageOfPage\":{\"@id\":\"https:\\\/\\\/www.paretineperuffici.it\\\/#primaryimage\"},\"image\":{\"@id\":\"https:\\\/\\\/www.paretineperuffici.it\\\/#primaryimage\"},\"thumbnailUrl\":\"https:\\\/\\\/www.paretineperuffici.it\\\/wp-content\\\/uploads\\\/elementor\\\/thumbs\\\/FOTO-1-HOME-divisorio-ufficio-tosca-e-lavagna-l-scaled-ro0q3ut201fi4h8tx2kg373vvbkt4qsximuuypa7uo.png\",\"datePublished\":\"2026-05-08T10:34:59+00:00\",\"dateModified\":\"2026-06-12T07:52:03+00:00\",\"description\":\"Studio T progetta e produce pareti divisorie su misura da quasi 50 anni: mobili, fonoassorbenti, in alluminio, vetro o legno. Personalizzazione totale, spedizione in tutta Italia. Scarica il catalogo gratuito.\",\"breadcrumb\":{\"@id\":\"https:\\\/\\\/www.paretineperuffici.it\\\/#breadcrumb\"},\"inLanguage\":\"it-IT\",\"potentialAction\":[{\"@type\":\"ReadAction\",\"target\":[\"https:\\\/\\\/www.paretineperuffici.it\\\/\"]}]},{\"@type\":\"ImageObject\",\"inLanguage\":\"it-IT\",\"@id\":\"https:\\\/\\\/www.paretineperuffici.it\\\/#primaryimage\",\"url\":\"https:\\\/\\\/www.paretineperuffici.it\\\/wp-content\\\/uploads\\\/elementor\\\/thumbs\\\/FOTO-1-HOME-divisorio-ufficio-tosca-e-lavagna-l-scaled-ro0q3ut201fi4h8tx2kg373vvbkt4qsximuuypa7uo.png\",\"contentUrl\":\"https:\\\/\\\/www.paretineperuffici.it\\\/wp-content\\\/uploads\\\/elementor\\\/thumbs\\\/FOTO-1-HOME-divisorio-ufficio-tosca-e-lavagna-l-scaled-ro0q3ut201fi4h8tx2kg373vvbkt4qsximuuypa7uo.png\"},{\"@type\":\"BreadcrumbList\",\"@id\":\"https:\\\/\\\/www.paretineperuffici.it\\\/#breadcrumb\",\"itemListElement\":[{\"@type\":\"ListItem\",\"position\":1,\"name\":\"Home\",\"item\":\"https:\\\/\\\/www.paretineperuffici.it\\\/\"},{\"@type\":\"ListItem\",\"position\":2,\"name\":\"Home\"}]},{\"@type\":\"WebSite\",\"@id\":\"https:\\\/\\\/www.paretineperuffici.it\\\/#website\",\"url\":\"https:\\\/\\\/www.paretineperuffici.it\\\/\",\"name\":\"Pareti divisorie mobili - Studio T\",\"description\":\"\",\"potentialAction\":[{\"@type\":\"SearchAction\",\"target\":{\"@type\":\"EntryPoint\",\"urlTemplate\":\"https:\\\/\\\/www.paretineperuffici.it\\\/?s={search_term_string}\"},\"query-input\":{\"@type\":\"PropertyValueSpecification\",\"valueRequired\":true,\"valueName\":\"search_term_string\"}}],\"inLanguage\":\"it-IT\"}]}<\/script>\n<!-- \/ Yoast SEO plugin. -->","yoast_head_json":{"title":"Pareti divisorie mobili - Studio T","description":"Studio T progetta e produce pareti divisorie su misura da quasi 50 anni: mobili, fonoassorbenti, in alluminio, vetro o legno. Personalizzazione totale, spedizione in tutta Italia. Scarica il catalogo gratuito.","robots":{"index":"index","follow":"follow","max-snippet":"max-snippet:-1","max-image-preview":"max-image-preview:large","max-video-preview":"max-video-preview:-1"},"canonical":"https:\/\/www.paretineperuffici.it\/","og_locale":"it_IT","og_type":"article","og_title":"Pareti divisorie mobili - Studio T","og_description":"Studio T progetta e produce pareti divisorie su misura da quasi 50 anni: mobili, fonoassorbenti, in alluminio, vetro o legno. Personalizzazione totale, spedizione in tutta Italia. Scarica il catalogo gratuito.","og_url":"https:\/\/www.paretineperuffici.it\/","og_site_name":"Pareti divisorie mobili - Studio T","article_modified_time":"2026-06-12T07:52:03+00:00","og_image":[{"url":"https:\/\/www.paretineperuffici.it\/wp-content\/uploads\/elementor\/thumbs\/FOTO-1-HOME-divisorio-ufficio-tosca-e-lavagna-l-scaled-ro0q3ut201fi4h8tx2kg373vvbkt4qsximuuypa7uo.png","type":"","width":"","height":""}],"twitter_card":"summary_large_image","twitter_misc":{"Tempo di lettura stimato":"4 minuti"},"schema":{"@context":"https:\/\/schema.org","@graph":[{"@type":"WebPage","@id":"https:\/\/www.paretineperuffici.it\/","url":"https:\/\/www.paretineperuffici.it\/","name":"Pareti divisorie mobili - Studio T","isPartOf":{"@id":"https:\/\/www.paretineperuffici.it\/#website"},"primaryImageOfPage":{"@id":"https:\/\/www.paretineperuffici.it\/#primaryimage"},"image":{"@id":"https:\/\/www.paretineperuffici.it\/#primaryimage"},"thumbnailUrl":"https:\/\/www.paretineperuffici.it\/wp-content\/uploads\/elementor\/thumbs\/FOTO-1-HOME-divisorio-ufficio-tosca-e-lavagna-l-scaled-ro0q3ut201fi4h8tx2kg373vvbkt4qsximuuypa7uo.png","datePublished":"2026-05-08T10:34:59+00:00","dateModified":"2026-06-12T07:52:03+00:00","description":"Studio T progetta e produce pareti divisorie su misura da quasi 50 anni: mobili, fonoassorbenti, in alluminio, vetro o legno. Personalizzazione totale, spedizione in tutta Italia. Scarica il catalogo gratuito.","breadcrumb":{"@id":"https:\/\/www.paretineperuffici.it\/#breadcrumb"},"inLanguage":"it-IT","potentialAction":[{"@type":"ReadAction","target":["https:\/\/www.paretineperuffici.it\/"]}]},{"@type":"ImageObject","inLanguage":"it-IT","@id":"https:\/\/www.paretineperuffici.it\/#primaryimage","url":"https:\/\/www.paretineperuffici.it\/wp-content\/uploads\/elementor\/thumbs\/FOTO-1-HOME-divisorio-ufficio-tosca-e-lavagna-l-scaled-ro0q3ut201fi4h8tx2kg373vvbkt4qsximuuypa7uo.png","contentUrl":"https:\/\/www.paretineperuffici.it\/wp-content\/uploads\/elementor\/thumbs\/FOTO-1-HOME-divisorio-ufficio-tosca-e-lavagna-l-scaled-ro0q3ut201fi4h8tx2kg373vvbkt4qsximuuypa7uo.png"},{"@type":"BreadcrumbList","@id":"https:\/\/www.paretineperuffici.it\/#breadcrumb","itemListElement":[{"@type":"ListItem","position":1,"name":"Home","item":"https:\/\/www.paretineperuffici.it\/"},{"@type":"ListItem","position":2,"name":"Home"}]},{"@type":"WebSite","@id":"https:\/\/www.paretineperuffici.it\/#website","url":"https:\/\/www.paretineperuffici.it\/","name":"Pareti divisorie mobili - Studio T","description":"","potentialAction":[{"@type":"SearchAction","target":{"@type":"EntryPoint","urlTemplate":"https:\/\/www.paretineperuffici.it\/?s={search_term_string}"},"query-input":{"@type":"PropertyValueSpecification","valueRequired":true,"valueName":"search_term_string"}}],"inLanguage":"it-IT"}]}},"_links":{"self":[{"href":"https:\/\/www.paretineperuffici.it\/index.php\/wp-json\/wp\/v2\/pages\/46","targetHints":{"allow":["GET"]}}],"collection":[{"href":"https:\/\/www.paretineperuffici.it\/index.php\/wp-json\/wp\/v2\/pages"}],"about":[{"href":"https:\/\/www.paretineperuffici.it\/index.php\/wp-json\/wp\/v2\/types\/page"}],"author":[{"embeddable":true,"href":"https:\/\/www.paretineperuffici.it\/index.php\/wp-json\/wp\/v2\/users\/1"}],"replies":[{"embeddable":true,"href":"https:\/\/www.paretineperuffici.it\/index.php\/wp-json\/wp\/v2\/comments?post=46"}],"version-history":[{"count":50,"href":"https:\/\/www.paretineperuffici.it\/index.php\/wp-json\/wp\/v2\/pages\/46\/revisions"}],"predecessor-version":[{"id":439,"href":"https:\/\/www.paretineperuffici.it\/index.php\/wp-json\/wp\/v2\/pages\/46\/revisions\/439"}],"wp:attachment":[{"href":"https:\/\/www.paretineperuffici.it\/index.php\/wp-json\/wp\/v2\/media?parent=46"}],"curies":[{"name":"wp","href":"https:\/\/api.w.org\/{rel}","templated":true}]}}